{"id":420,"date":"2023-01-21T16:43:33","date_gmt":"2023-01-21T15:43:33","guid":{"rendered":"https:\/\/www.gender101.eu\/?page_id=420"},"modified":"2023-06-30T11:22:51","modified_gmt":"2023-06-30T09:22:51","slug":"whats-new","status":"publish","type":"page","link":"https:\/\/www.gender101.eu\/whats-new\/","title":{"rendered":"X\u2019hemm \u0121did"},"content":{"rendered":"<ul class=\"wp-block-latest-posts__list alignleft wp-block-latest-posts\"><li><div class=\"wp-block-latest-posts__featured-image alignleft\"><img width=\"150\" height=\"150\" src=\"https:\/\/www.gender101.eu\/wp-content\/uploads\/2024\/09\/Final-results-150x150.png\" class=\"attachment-thumbnail size-thumbnail wp-post-image\" alt=\"\" decoding=\"async\" loading=\"lazy\" style=\"max-width:100px;max-height:100px;\" \/><\/div><a class=\"wp-block-latest-posts__post-title\" href=\"https:\/\/www.gender101.eu\/the-final-results-of-the-project\/\">Ir-ri\u017cultati finali tal-pro\u0121ett GENDER 101<\/a><div class=\"wp-block-latest-posts__post-excerpt\">l-pro\u0121ett Gender 101 ippermetta lill-Imsie\u0127ba f\u2019sitt pajji\u017ci Ewropej differenti biex jo\u0127olqu kanal ta\u2019 diskussjoni mal-edukaturi u l-\u0121enituri dwar is-su\u0121\u0121ett tad-diversit\u00e0 tal-\u0121eneri<\/div><\/li>\n<li><div class=\"wp-block-latest-posts__featured-image alignleft\"><img width=\"99\" height=\"150\" src=\"https:\/\/www.gender101.eu\/wp-content\/uploads\/2023\/04\/Ico_Mission.png\" class=\"attachment-thumbnail size-thumbnail wp-post-image\" alt=\"\" decoding=\"async\" loading=\"lazy\" style=\"max-width:100px;max-height:100px;\" \/><\/div><a class=\"wp-block-latest-posts__post-title\" href=\"https:\/\/www.gender101.eu\/feedback-from-the-experts\/\">Feedback dwar it-tag\u0127lim GENDER 101 minn min i\u0127arre\u0121 u mill-\u0121enituri<\/a><div class=\"wp-block-latest-posts__post-excerpt\">Il-kontenut tar-ri\u017cultati intellettwali kollha \u0121ie rivedut minn esperti fil-pajji\u017ci msie\u0127ba rispettivi, inklu\u017c il-kontenut tal-g\u0127odda di\u0121itali. Fost il-feedback li waslu mid-diversi esperti Ewropej dwar il-kontenut tal-g\u0127odda di\u0121itali hemm dik l-g\u0127odda di\u0121itali tinkludi informazzjoni \u010bara, prattika u fattwali li \u0121iet ri\u010berkata. L-esperti rriflettu wkoll dwar kemm hija utli din l-g\u0127odda peress li twie\u0121eb mistoqsijiet kru\u010bjali dwar id-diversit\u00e0 [&hellip;]<\/div><\/li>\n<li><div class=\"wp-block-latest-posts__featured-image alignleft\"><img width=\"99\" height=\"150\" src=\"https:\/\/www.gender101.eu\/wp-content\/uploads\/2023\/04\/Ico_Mission.png\" class=\"attachment-thumbnail size-thumbnail wp-post-image\" alt=\"\" decoding=\"async\" loading=\"lazy\" style=\"max-width:100px;max-height:100px;\" \/><\/div><a class=\"wp-block-latest-posts__post-title\" href=\"https:\/\/www.gender101.eu\/next-initiatives\/\">Inizjattivi li jmiss<\/a><div class=\"wp-block-latest-posts__post-excerpt\">L-a\u0127\u0127ar xhur tal-pro\u0121ett se jkunu allokati g\u0127all-Evalwazzjoni. L-imsie\u0127ba se jkunu qed ja\u0127dmu fuq ir-revi\u017cjoni tar-rispons li \u0121ie ri\u010bevut mill-parte\u010bipanti fl-attivitajiet u l-persuni li jwasslu dawn l-attivitajiet, kif ukoll fuq il-\u0127idma fuq l-G\u0127odda tal-Impatt (Impact Tool), ir-Rapporti Finanzjarji u r-Rapporti ta\u2019 Tixrid, qabel is-sottomissjoni finali tar-ri\u017cultati tal-pro\u0121ett.<\/div><\/li>\n<li><div class=\"wp-block-latest-posts__featured-image alignleft\"><img width=\"150\" height=\"150\" src=\"https:\/\/www.gender101.eu\/wp-content\/uploads\/2024\/04\/NL5-thumb-150x150.png\" class=\"attachment-thumbnail size-thumbnail wp-post-image\" alt=\"\" decoding=\"async\" loading=\"lazy\" style=\"max-width:100px;max-height:100px;\" \/><\/div><a class=\"wp-block-latest-posts__post-title\" href=\"https:\/\/www.gender101.eu\/gender-101-newsletter-5-7-2024\/\">GENDER 101 newsletter 5, 7\/2024<\/a><div class=\"wp-block-latest-posts__post-excerpt\">F&#8217;din il-\u0127ar\u0121a: Ir-ri\u017cultati finali tal-pro\u0121ett GENDER 101; L-a\u0127\u0127ar laqg\u0127a tal-pro\u0121etti transnazzjonali f\u2019Malta; Kooperazzjoni ma&#8217; msie\u0127ba asso\u010bjati; Inizjattivi li jmiss; Konferenza internazzjonali finali f\u2019Malta<\/div><\/li>\n<li><div class=\"wp-block-latest-posts__featured-image alignleft\"><img width=\"150\" height=\"150\" src=\"https:\/\/www.gender101.eu\/wp-content\/uploads\/2024\/06\/associati-150x150.png\" class=\"attachment-thumbnail size-thumbnail wp-post-image\" alt=\"\" decoding=\"async\" loading=\"lazy\" style=\"max-width:100px;max-height:100px;\" \/><\/div><a class=\"wp-block-latest-posts__post-title\" href=\"https:\/\/www.gender101.eu\/cooperation-with-associated-partners\/\">Kooperazzjoni ma&#8217; s\u0127ab asso\u010bjati\u00a0<\/a><div class=\"wp-block-latest-posts__post-excerpt\">Matul il-perjodu tal-pro\u0121ett, il-Partijiet kienu qed jippromwovu x-xog\u0127ol fuq il-pro\u0121ett u jiddiskutu u jaqsmu r-ri\u017cultati ma&#8217; diversi partijiet interessati, biex ji\u017cguraw disseminazzjoni wiesg\u0127a u jappo\u0121\u0121jaw il-wirt tal-pro\u0121ett.<\/div><\/li>\n<li><div class=\"wp-block-latest-posts__featured-image alignleft\"><img width=\"150\" height=\"150\" src=\"https:\/\/www.gender101.eu\/wp-content\/uploads\/2024\/05\/20240514_085030-150x150.jpg\" class=\"attachment-thumbnail size-thumbnail wp-post-image\" alt=\"\" decoding=\"async\" loading=\"lazy\" style=\"max-width:100px;max-height:100px;\" \/><\/div><a class=\"wp-block-latest-posts__post-title\" href=\"https:\/\/www.gender101.eu\/final-international-conference-in-malta\/\">Konferenza internazzjonali finali f\u2019Malta<\/a><div class=\"wp-block-latest-posts__post-excerpt\">Il-konferenza finali saret f\u2019Malta fl-14 ta\u2019 Mejju. Fil-konferenza attendew madwar 100 persuna, b\u2019nies li jattendu jkunu ta\u0127lita ta\u2019 \u0121enituri u professjonisti li ja\u0127dmu mal-\u0121enituri u \u017c-\u017cg\u0127a\u017cag\u0127.<\/div><\/li>\n<li><div class=\"wp-block-latest-posts__featured-image alignleft\"><img width=\"95\" height=\"147\" src=\"https:\/\/www.gender101.eu\/wp-content\/uploads\/2023\/04\/Ico_Results.png\" class=\"attachment-thumbnail size-thumbnail wp-post-image\" alt=\"\" decoding=\"async\" loading=\"lazy\" style=\"max-width:100px;max-height:100px;\" \/><\/div><a class=\"wp-block-latest-posts__post-title\" href=\"https:\/\/www.gender101.eu\/last-transnational-project-meeting-in-malta\/\">L-a\u0127\u0127ar laqg\u0127a tal-pro\u0121etti transnazzjonali f\u2019Malta<\/a><div class=\"wp-block-latest-posts__post-excerpt\">L-a\u0127\u0127ar \u2018in-person\u2019 saret f\u2019Malta fit-13 ta\u2019 Mejju<\/div><\/li>\n<li><div class=\"wp-block-latest-posts__featured-image alignleft\"><img width=\"150\" height=\"150\" src=\"https:\/\/www.gender101.eu\/wp-content\/uploads\/2024\/09\/Eventi-7-150x150.jpg\" class=\"attachment-thumbnail size-thumbnail wp-post-image\" alt=\"\" decoding=\"async\" loading=\"lazy\" style=\"max-width:100px;max-height:100px;\" \/><\/div><a class=\"wp-block-latest-posts__post-title\" href=\"https:\/\/www.gender101.eu\/the-programme-of-events\/\">Il-programm ta&#8217; avvenimenti f&#8217;Malta, Il-Litwanja, il-Polonja, l-Irlanda, l-Italja u il-Kroazja<\/a><div class=\"wp-block-latest-posts__post-excerpt\">Il-Multiplier Events saru fil-\u0127ames pajji\u017ci msie\u0127ba (il-Kroazja, l-Irlanda, l-Italja u l-Litwanja) f&#8217;April 2024 u kienu opportunit\u00e0 biex ji\u0121u ppre\u017centati r-ri\u017cultati tal-pro\u0121ett u biex ti\u0121i ppre\u017centata u mnedija l-g\u0127odda di\u0121itali.&nbsp; Il-konferenza finali saret f\u2019Malta, b\u0127ala koordinatur tal-pro\u0121ett, fl-14 ta\u2019 Mejju 2024. Waqt il-konferenza, ing\u0127atat informazzjoni s\u0127i\u0127a dwar il-pro\u0121ett. L-imsie\u0127ba kollha ppre\u017centaw l-esperjenza tag\u0127hom fil-pro\u0121ett u l-g\u0127odda [&hellip;]<\/div><\/li>\n<li><div class=\"wp-block-latest-posts__featured-image alignleft\"><img width=\"150\" height=\"150\" src=\"https:\/\/www.gender101.eu\/wp-content\/uploads\/2024\/04\/NL4-thumb-150x150.png\" class=\"attachment-thumbnail size-thumbnail wp-post-image\" alt=\"\" decoding=\"async\" loading=\"lazy\" style=\"max-width:100px;max-height:100px;\" \/><\/div><a class=\"wp-block-latest-posts__post-title\" href=\"https:\/\/www.gender101.eu\/gender-101-newsletter-4-4-2024\/\">GENDER 101 newsletter 4, 4\/2024<\/a><div class=\"wp-block-latest-posts__post-excerpt\">\u0120ewwa din in-Newsletter: GENDER 101 programm g\u0127al min i\u0127arre\u0121; GENDER 101 tag\u0127lim g\u0127all-\u0121enituri f&#8217;kull pajji\u017ci tal-pro\u0121ett; Feedback dwar it-tag\u0127lim GENDER 101 minn min i\u0127arre\u0121 u mill-\u0121enituri; Laqg\u0127a Interim onlajn u Laqg\u0127a Transnazzjonali tal-Pro\u0121ett fl-Irlanda; L-u\u017cu tal-Gwida g\u0127at-Ta\u0127ri\u0121<\/div><\/li>\n<li><div class=\"wp-block-latest-posts__featured-image alignleft\"><img width=\"150\" height=\"150\" src=\"https:\/\/www.gender101.eu\/wp-content\/uploads\/2024\/04\/19-Supporting-Gender-Diverse-Children-in-the-Classroom-scaled-e1719215452472-150x150.jpg\" class=\"attachment-thumbnail size-thumbnail wp-post-image\" alt=\"\" decoding=\"async\" loading=\"lazy\" style=\"max-width:100px;max-height:100px;\" \/><\/div><a class=\"wp-block-latest-posts__post-title\" href=\"https:\/\/www.gender101.eu\/how-can-i-support-a-gender-diverse-child-in-the-classroom\/\">Kif nista&#8217; nappo\u0121\u0121ja tifel b\u2019\u0121eneri differenti fil-klassi?<\/a><div class=\"wp-block-latest-posts__post-excerpt\">L-g\u0127alliema li jixtiequ jappo\u0121\u0121jaw studenti b\u2019\u0121eneri differenti fil-klassi jridu jistabbilixxu ambjent ta\u2019 tag\u0127lim inklu\u017civ, edukat u ta\u2019 appo\u0121\u0121. Hawn huma xi strate\u0121iji li g\u0127andek tikkonsidra: Tg\u0127allem dwar id-diversit\u00e0 tal-\u0121eneri, inklu\u017c il-vokabularju u pariri ta\u2019 g\u0127ajnuna biex ta\u0127dem ma\u2019 tfal minn sfondi differenti. Ibqa&#8217; a\u0121\u0121ornat dwar l-a\u0127\u0127ar ri\u010berka u strate\u0121iji ta&#8217; istruzzjoni f&#8217;dan il-qasam. U\u017ca terminolo\u0121ija [&hellip;]<\/div><\/li>\n<li><div class=\"wp-block-latest-posts__featured-image alignleft\"><img width=\"150\" height=\"150\" src=\"https:\/\/www.gender101.eu\/wp-content\/uploads\/2024\/04\/18-Signs-Your-Child-May-Be-Questioning-Their-Gender-Identity-e1719215518668-150x150.jpg\" class=\"attachment-thumbnail size-thumbnail wp-post-image\" alt=\"\" decoding=\"async\" loading=\"lazy\" style=\"max-width:100px;max-height:100px;\" \/><\/div><a class=\"wp-block-latest-posts__post-title\" href=\"https:\/\/www.gender101.eu\/what-to-look-out-for-to-understand-if-my-child-is-questioning-their-gender-identity-what-to-pay-attention-to\/\">Sinjali it-tifel\/tifla tieg\u0127ek qed jiddubita l-identit\u00e0 tal-\u0121eneru tag\u0127hom<\/a><div class=\"wp-block-latest-posts__post-excerpt\">Li ting\u0127ata attenzjoni mill-qrib g\u0127ad-dettall hiwa me\u0127tie\u0121 biex tidentifika s-sinjali u l-im\u0121ieba tal-mistoqsija dwar l-identit\u00e0 tal-\u0121eneru tat-tfal tieg\u0127ek. Huwa essenzjali li wie\u0127ed i\u017comm f&#8217;mo\u0127\u0127u li tfal kollha huma uni\u010bi u mhux se juri l-identit\u00e0 tal-\u0121eneru tag\u0127hom bl-istess mod. Hawn huma xi affarijiet essenzjali biex ta\u0127seb dwarhom: \u0126u nota ta &#8216;kwalunkwe espressjoni ta&#8217; \u0121eneru \u010bara li [&hellip;]<\/div><\/li>\n<li><div class=\"wp-block-latest-posts__featured-image alignleft\"><img width=\"150\" height=\"150\" src=\"https:\/\/www.gender101.eu\/wp-content\/uploads\/2024\/04\/17-Supporting-the-mental-health-of-gender-diverse-children-150x150.jpg\" class=\"attachment-thumbnail size-thumbnail wp-post-image\" alt=\"\" decoding=\"async\" loading=\"lazy\" style=\"max-width:100px;max-height:100px;\" \/><\/div><a class=\"wp-block-latest-posts__post-title\" href=\"https:\/\/www.gender101.eu\/how-can-i-support-a-gender-diverse-childs-mental-health\/\">Tappo\u0121\u0121ja s-sa\u0127\u0127a mentali ta&#8217; tifel ta&#8217; generu differenti<\/a><div class=\"wp-block-latest-posts__post-excerpt\">Je\u0127tie\u0121 li jsiru g\u0127add ta&#8217; kunsiderazzjonijiet u attivitajiet sabiex ti\u0121i appo\u0121\u0121jata s-sa\u0127\u0127a mentali ta&#8217; tifel u tifla b\u2019\u0121eneru differenti: G\u0127andha ti\u0121i stabbilita atmosfera sigura u ta&#8217; appo\u0121\u0121 u din hija kru\u010bjali. O\u0127loq ambjent fid-dar fejn it-tfal tieg\u0127ek i\u0127ossuhom liberu li jesprimu l-identit\u00e0 tal-\u0121eneru tag\u0127hom ming\u0127ajr bi\u017ca\u2019 ta\u2019 riperkussjonijiet. Dan jinkludi l-u\u017cu ta\u2019 l-isem u l-pronomi [&hellip;]<\/div><\/li>\n<li><div class=\"wp-block-latest-posts__featured-image alignleft\"><img width=\"150\" height=\"150\" src=\"https:\/\/www.gender101.eu\/wp-content\/uploads\/2024\/04\/16-Linking-Discrimination-to-Culture-and-Avoiding-It-scaled-e1719215088148-150x150.jpg\" class=\"attachment-thumbnail size-thumbnail wp-post-image\" alt=\"\" decoding=\"async\" loading=\"lazy\" style=\"max-width:100px;max-height:100px;\" \/><\/div><a class=\"wp-block-latest-posts__post-title\" href=\"https:\/\/www.gender101.eu\/how-is-discrimination-related-to-the-culture-we-live-in-how-not-to-fall-into-the-spectre-of-discrimination-in-certain-situations\/\">Ir-rabta tad-diskriminazzjoni mal-kultura u l-evitar tag\u0127ha<\/a><div class=\"wp-block-latest-posts__post-excerpt\">Id-diskriminazzjoni g\u0127andha g\u0127eruq sodi fis-so\u010bjet\u00e0 u tista&#8217; tkun ibba\u017cata fuq \u0127afna karatteristi\u010bi differenti. Id-diskriminazzjoni timmanifesta ru\u0127ha fil-\u0127ajja ta\u2019 kuljum, f\u2019per\u010bezzjonijiet individwali tal-kultura u tad-drawwiet, fi strutturi so\u010bjali u ekonomi\u010bi, fl-edukazzjoni u fl-impjiegi, u fl-a\u010b\u010bess g\u0127as-servizzi, l-opportunitajiet, ir-ri\u017corsi u s-suq. Il-pre\u0121udizzji u l-isterjotipi huma marbuta mal-pro\u010bess tal-formazzjoni tal-identit\u00e0 personali u huma relatati mal-identit\u00e0 so\u010bjali li ti\u0121i [&hellip;]<\/div><\/li>\n<li><div class=\"wp-block-latest-posts__featured-image alignleft\"><img width=\"150\" height=\"150\" src=\"https:\/\/www.gender101.eu\/wp-content\/uploads\/2024\/04\/15-How-should-I-use-pronouns-e1713962044209-150x150.jpg\" class=\"attachment-thumbnail size-thumbnail wp-post-image\" alt=\"\" decoding=\"async\" loading=\"lazy\" style=\"max-width:100px;max-height:100px;\" \/><\/div><a class=\"wp-block-latest-posts__post-title\" href=\"https:\/\/www.gender101.eu\/how-should-i-use-pronouns\/\">Kif g\u0127andi nu\u017ca l-pronomi?<\/a><div class=\"wp-block-latest-posts__post-excerpt\">Pronom huwa kelma li tissostitwixxi nom. Pronom newtrali tal-\u0121eneru jew li jinkludi l-\u0121eneru huwa pronom li ma jasso\u010bjax \u0121eneru mal-individwu li jkun qed ji\u0121i diskuss. Xi lingwi, b\u0127all-Ingli\u017c, m&#8217;g\u0127andhomx pronom newtrali tal-\u0121eneru jew tat-tielet \u0121eneru disponibbli, u dan \u0121ie kkritikat, peress li f&#8217;\u0127afna ka\u017cijiet, kittieba, kelliema, e\u010b\u010b. ju\u017caw &#8220;hu\/tieg\u0127u&#8221; meta jirreferu g\u0127al individwu \u0121eneriku fil- [&hellip;]<\/div><\/li>\n<li><div class=\"wp-block-latest-posts__featured-image alignleft\"><img width=\"150\" height=\"150\" src=\"https:\/\/www.gender101.eu\/wp-content\/uploads\/2024\/04\/14-What-is-Gender-Neutral-language-e1713962023575-150x150.jpg\" class=\"attachment-thumbnail size-thumbnail wp-post-image\" alt=\"\" decoding=\"async\" loading=\"lazy\" style=\"max-width:100px;max-height:100px;\" \/><\/div><a class=\"wp-block-latest-posts__post-title\" href=\"https:\/\/www.gender101.eu\/what-is-gender-neutral-language\/\">X&#8217;inhu lingwa\u0121\u0121 newtrali tal-\u0121eneru?<\/a><div class=\"wp-block-latest-posts__post-excerpt\">Lingwa\u0121\u0121 newtrali tal-\u0121eneru, imsejja\u0127 ukoll lingwa\u0121\u0121 mhux sessist, li huwa inklussiv ta\u2019 kull \u0121eneru, jew mhux spe\u010bifiku g\u0127al \u0121eneru partikolari, , jirreferi g\u0127al lingwa li tinkludi kliem jew espressjonijiet li ma jistg\u0127ux jittie\u0127du b\u0127ala li jirreferu g\u0127al \u0121eneru wie\u0127ed biss. Dan it-tip ta\u2019 lingwa\u0121\u0121 jevita pre\u0121udizzju kontra l-\u0121eneru jew \u0121eneri partikolari. G\u0127andu ji\u0121i enfasizzat li [&hellip;]<\/div><\/li>\n<li><div class=\"wp-block-latest-posts__featured-image alignleft\"><img width=\"150\" height=\"150\" src=\"https:\/\/www.gender101.eu\/wp-content\/uploads\/2024\/04\/13-Is-Gender-Identity-Contagious-scaled-e1713961875978-150x150.jpg\" class=\"attachment-thumbnail size-thumbnail wp-post-image\" alt=\"\" decoding=\"async\" loading=\"lazy\" style=\"max-width:100px;max-height:100px;\" \/><\/div><a class=\"wp-block-latest-posts__post-title\" href=\"https:\/\/www.gender101.eu\/is-gender-identity-in-children-potentially-contagious\/\">L-identit\u00e0 tal-\u0121eneru hija konta\u0121ju\u017ca?<\/a><div class=\"wp-block-latest-posts__post-excerpt\">Organizzat tajjeb fl-appro\u010b\u010b tieg\u0127u, ir-rettifika ta&#8217; dan in-nuqqas ta&#8217; ftehim prevalenti jibda b&#8217;elu\u010bidazzjoni fundamentali tad-definizzjoni ta&#8217; &#8220;konta\u0121ju\u017c&#8221; u javvanza lejn l-anali\u017ci tal-isterjotipi. Dan l-appro\u010b\u010b ine\u0127\u0127i \u0127afan problemi milli nag\u0127tu informazzjoni tajba dwar il-\u0121eneru. L-inkorporazzjoni ta &#8216;dettalji dwar is-sinifikat tal-empatija, il-komprensjoni, u d-distinzjoni bejn l-influwenza u l-konta\u0121ju tista&#8217; tipprovdi aktar ilu\u010bidazzjoni biex issa\u0127\u0127a\u0127 din ir-rispons. Barra [&hellip;]<\/div><\/li>\n<li><div class=\"wp-block-latest-posts__featured-image alignleft\"><img width=\"150\" height=\"150\" src=\"https:\/\/www.gender101.eu\/wp-content\/uploads\/2024\/04\/12-Discussing-\u200bthese-issues-with-\u200bt\u200bhe-other-Children-scaled-e1719215608839-150x150.jpg\" class=\"attachment-thumbnail size-thumbnail wp-post-image\" alt=\"\" decoding=\"async\" loading=\"lazy\" style=\"max-width:100px;max-height:100px;\" \/><\/div><a class=\"wp-block-latest-posts__post-title\" href=\"https:\/\/www.gender101.eu\/how-should-the-circumstances-be-discussed-with-non-lgbtq-children\/\">Kif g\u0127andhom ji\u0121u diskussi \u010b-\u010birkostanzi ma\u2019 tfal li m\u2019humiex LGBTQ+?<\/a><div class=\"wp-block-latest-posts__post-excerpt\">Organizzat tajjeb fl-appro\u010b\u010b tieg\u0127u, ir-rettifika ta&#8217; dan in-nuqqas ta&#8217; ftehim prevalenti jibda b&#8217;elu\u010bidazzjoni fundamentali tad-definizzjoni ta&#8217; &#8220;konta\u0121ju\u017c&#8221; u javvanza lejn l-anali\u017ci tal-isterjotipi. Dan l-appro\u010b\u010b ine\u0127\u0127i \u0127afan problemi milli nag\u0127tu informazzjoni tajba dwar il-\u0121eneru. L-inkorporazzjoni ta &#8216;dettalji dwar is-sinifikat tal-empatija, il-komprensjoni, u d-distinzjoni bejn l-influwenza u l-konta\u0121ju tista&#8217; tipprovdi aktar ilu\u010bidazzjoni biex issa\u0127\u0127a\u0127 din ir-rispons. Barra [&hellip;]<\/div><\/li>\n<li><div class=\"wp-block-latest-posts__featured-image alignleft\"><img width=\"150\" height=\"150\" src=\"https:\/\/www.gender101.eu\/wp-content\/uploads\/2024\/04\/11-Educating-Other-Students-on-Gender-Diversity-e1719215572424-150x150.jpg\" class=\"attachment-thumbnail size-thumbnail wp-post-image\" alt=\"\" decoding=\"async\" loading=\"lazy\" style=\"max-width:100px;max-height:100px;\" \/><\/div><a class=\"wp-block-latest-posts__post-title\" href=\"https:\/\/www.gender101.eu\/how-do-i-educate-other-students-about-gender-diversity\/\">Kif neduka studenti o\u0127ra dwar id-diversit\u00e0 tal-\u0121eneru?<\/a><div class=\"wp-block-latest-posts__post-excerpt\">Il-materjal spjegat huwa bir-reqqa u li jinkludi kollox, u ju\u017ca lingwa\u0121\u0121 li g\u0127andu jkun komprensibbli g\u0127al firxa wiesg\u0127a ta &#8216;individwi. Tne\u0127\u0127i b&#8217;mod effettiv il-falliji u tirrettifika n-nuqqas ta&#8217; ftehim prevalenti dwar id-diversit\u00e0 tal-\u0121eneru. Biex titjieb dan is-segment, jista &#8216;jkun ta&#8217; vanta\u0121\u0121 li ji\u0121u inkorporati illustrazzjonijiet jew analo\u0121iji konkreti addizzjonali li huma fa\u010bilment relatati mat-tfal. Dan [&hellip;]<\/div><\/li>\n<li><div class=\"wp-block-latest-posts__featured-image alignleft\"><img width=\"150\" height=\"150\" src=\"https:\/\/www.gender101.eu\/wp-content\/uploads\/2024\/04\/10-Approaching-a-child-for-support-on-Gender-issues-1-scaled-e1719215832699-150x150.jpg\" class=\"attachment-thumbnail size-thumbnail wp-post-image\" alt=\"\" decoding=\"async\" loading=\"lazy\" style=\"max-width:100px;max-height:100px;\" \/><\/div><a class=\"wp-block-latest-posts__post-title\" href=\"https:\/\/www.gender101.eu\/how-to-approach-a-child-who-you-think-may-need-support-on-this-topic\/\">Kif tavvi\u010bina tifel li ta\u0127seb li jista&#8217; jkollu b\u017conn appo\u0121\u0121 fuq dan is-su\u0121\u0121ett?<\/a><div class=\"wp-block-latest-posts__post-excerpt\">Huwa importanti li tappo\u0121\u0121ja l-identit\u00e0 tal-\u0121eneru u l-im\u0121ieba tat-tfal tieg\u0127ek. Il-\u0121enituri li ja\u010b\u010bettaw u juru li j\u0127obbuhom u ja\u010b\u010bettawhom kif inhuma (irrispettivament minn jekk hijiex biss fa\u017ci), jistg\u0127u jg\u0127inuhom i\u0127ossuhom aktar sodisfatti, fer\u0127anin u lesti jiffa\u010b\u010bjaw ambjent li jista\u2019 jkun pre\u0121udikanti. Jekk tifel irid jitkellem fil-miftu\u0127, huwa me\u0127tie\u0121 li ta\u010b\u010bettaha, i\u017cda huwa wkoll possibbli li [&hellip;]<\/div><\/li>\n<li><div class=\"wp-block-latest-posts__featured-image alignleft\"><img width=\"150\" height=\"150\" src=\"https:\/\/www.gender101.eu\/wp-content\/uploads\/2024\/04\/9-How-do-I-handle-name-and-gender-changes-at-school-e1719215855437-150x150.jpg\" class=\"attachment-thumbnail size-thumbnail wp-post-image\" alt=\"\" decoding=\"async\" loading=\"lazy\" style=\"max-width:100px;max-height:100px;\" \/><\/div><a class=\"wp-block-latest-posts__post-title\" href=\"https:\/\/www.gender101.eu\/how-do-i-handle-name-and-gender-changes-at-school\/\">Kif nittratta l-bidliet fl-isem u s-sess fl-iskola?<\/a><div class=\"wp-block-latest-posts__post-excerpt\">Sabiex it-tfal ila\u0127\u0127qu mal-bidla tal-\u0121eneru fl-iskola, huwa importanti li l-g\u0127alliema u t-tfal ji\u0121u edukati u jkunu sensittivi sabiex ja\u010b\u010bettaw lill-istudenti kif inhuma, irrispettivament mid-diversit\u00e0 tal-\u0121eneru jew is-sesswalit\u00e0. Huwa importanti wkoll li tin\u0127oloq atmosfera fi \u0127dan l-iskola li fiha t-tfal ikunu jistg\u0127u ja\u0127sbu u jitkellmu bil-miftu\u0127 dwar is-sesswalit\u00e0 u l-identit\u00e0 tal-\u0121eneru. Huwa me\u0127tie\u0121 li jing\u0127ata appo\u0121\u0121 [&hellip;]<\/div><\/li>\n<li><div class=\"wp-block-latest-posts__featured-image alignleft\"><img width=\"150\" height=\"150\" src=\"https:\/\/www.gender101.eu\/wp-content\/uploads\/2024\/04\/8-Is-it-a-phase-scaled-e1713961758917-150x150.jpg\" class=\"attachment-thumbnail size-thumbnail wp-post-image\" alt=\"\" decoding=\"async\" loading=\"lazy\" style=\"max-width:100px;max-height:100px;\" \/><\/div><a class=\"wp-block-latest-posts__post-title\" href=\"https:\/\/www.gender101.eu\/is-it-a-phase\/\">Din hija fa\u017ci?<\/a><div class=\"wp-block-latest-posts__post-excerpt\">Is-su\u0121\u0121ett tad-diversit\u00e0 tal-\u0121eneri sar mitkellem dwaru b\u2019mod aktar miftu\u0127 f\u2019dawn l-a\u0127\u0127ar snin, u \u017cgur li ilhu je\u017cisti \u0127afna aktar. G\u0127al xi tfal din hija orjentazzjoni tal-\u0121eneru differenti mis-sess, filwaqt li g\u0127al xi tfal jaf hija fa\u017ci. L-adolexxenza \u0121\u0121ib sfidi ta\u2019 \u017cvilupp tipi\u010bi u naturali g\u0127all-pro\u010bess tat-tkabbir u t-tfittxija g\u0127all-identit\u00e0 tag\u0127hom stess, g\u0127alhekk hemm parti mit-tfal [&hellip;]<\/div><\/li>\n<li><div class=\"wp-block-latest-posts__featured-image alignleft\"><img width=\"150\" height=\"150\" src=\"https:\/\/www.gender101.eu\/wp-content\/uploads\/2024\/04\/7-Handling-a-Co-Parent_s-Struggle-with-a-Gender-Diverse-Child-150x150.jpg\" class=\"attachment-thumbnail size-thumbnail wp-post-image\" alt=\"\" decoding=\"async\" loading=\"lazy\" style=\"max-width:100px;max-height:100px;\" \/><\/div><a class=\"wp-block-latest-posts__post-title\" href=\"https:\/\/www.gender101.eu\/co-parents-struggle\/\">X&#8217;ji\u0121ri jekk il-\u0121enitur l-ie\u0127or qed jissielet biex ja\u010b\u010betta lit-tfal tag\u0127hom ma jikkonformawx is-sess?<\/a><div class=\"wp-block-latest-posts__post-excerpt\">Li jiffa\u010b\u010bjaw sitwazzjoni fejn \u0121enitur wie\u0127ed jit\u0127abat biex ja\u010b\u010betta n-nuqqas ta&#8217; konformit\u00e0 bejn is-sessi ta&#8217; uliedhom jista&#8217; jkun esperjenza kumplessa u mimlija emozzjonalment. Hawn huma xi strate\u0121iji li jistg\u0127u jg\u0127inu biex jinnavigaw dawn is-sitwazzjonijiet: Komunikazzjoni Miftu\u0127a u Empatika: &#8211;&nbsp; &nbsp; &nbsp; Smig\u0127 attiv u validazzjoni: O\u0127loq spazju sigur g\u0127a\u017c-\u017cew\u0121 \u0121enituri biex jesprimu t-t\u0127assib, il-bi\u017cg\u0127at u [&hellip;]<\/div><\/li>\n<li><div class=\"wp-block-latest-posts__featured-image alignleft\"><img width=\"150\" height=\"150\" src=\"https:\/\/www.gender101.eu\/wp-content\/uploads\/2024\/04\/6-How-can-you-support-this-exploration-150x150.jpg\" class=\"attachment-thumbnail size-thumbnail wp-post-image\" alt=\"\" decoding=\"async\" loading=\"lazy\" style=\"max-width:100px;max-height:100px;\" \/><\/div><a class=\"wp-block-latest-posts__post-title\" href=\"https:\/\/www.gender101.eu\/how-can-you-support-this-exploration\/\">Kif tista &#8216;tappo\u0121\u0121ja din l-esplorazzjoni?<\/a><div class=\"wp-block-latest-posts__post-excerpt\">\u0126addan l-kur\u017cit\u00e0: A\u0127seb fik innifsek b\u0127ala \u0121ardinar, u trawwem spazju sigur g\u0127all-kur\u017cit\u00e0 tat-tfal tieg\u0127ek biex tiffjorixxi. \u0126e\u0121\u0121i\u0121hom jistaqsu mistoqsijiet, jesploraw interessi differenti, u jesprimu lilhom infushom b&#8217;mod awtentiku ming\u0127ajr \u0121udizzju. I\u017czra \u017c-\u017cerrieg\u0127a tal-fehim: Hekk kif id-dawl tax-xemx isa\u0127\u0127a\u0127 fjura, ipprovdi ri\u017corsi xierqa g\u0127all-et\u00e0 b\u0127al kotba, dokumentarji, jew konversazzjonijiet dwar id-diversit\u00e0 tal-\u0121eneru. Dan jg\u0127inhom ji\u017cviluppaw fehim [&hellip;]<\/div><\/li>\n<li><div class=\"wp-block-latest-posts__featured-image alignleft\"><img width=\"150\" height=\"150\" src=\"https:\/\/www.gender101.eu\/wp-content\/uploads\/2024\/04\/5-Can-Children_s-Gender-Identity-Change-Over-Time-scaled-e1713961580969-150x150.jpg\" class=\"attachment-thumbnail size-thumbnail wp-post-image\" alt=\"\" decoding=\"async\" loading=\"lazy\" style=\"max-width:100px;max-height:100px;\" \/><\/div><a class=\"wp-block-latest-posts__post-title\" href=\"https:\/\/www.gender101.eu\/can-a-childs-gender-identity-change-over-time\/\">Tista&#8217; l-identit\u00e0 tal-\u0121eneru tat-tfal tinbidel ma\u017c-\u017cmien?<\/a><div class=\"wp-block-latest-posts__post-excerpt\">Assolutament, il-fehim tat-tfal dwar l-identit\u00e0 tal-\u0121eneru tag\u0127hom jista &#8216;jevolvi ma\u017c-\u017cmien. Dan huwa min\u0127abba n-natura dinamika ta &#8216;l-iskoperta personali, li hija influwenzata minn interazzjoni kumplessa ta&#8217; fatturi, inklu\u017ci: Pro\u010bessi psikolo\u0121i\u010bi interni: Dan jinkludi s-sens intern tat-yfal personali u kif i\u0127ossu b&#8217;relazzjoni mas-sess. Dan is-sentiment intern jista &#8216;jew ma jistax jallinja mas-sess assenjat tag\u0127hom mat-twelid, u jista&#8217; [&hellip;]<\/div><\/li>\n<li><div class=\"wp-block-latest-posts__featured-image alignleft\"><img width=\"150\" height=\"150\" src=\"https:\/\/www.gender101.eu\/wp-content\/uploads\/2024\/04\/4-When-Do-Children-Recognize-Their-Gender-Identity-scaled-e1713961526692-150x150.jpg\" class=\"attachment-thumbnail size-thumbnail wp-post-image\" alt=\"\" decoding=\"async\" loading=\"lazy\" style=\"max-width:100px;max-height:100px;\" \/><\/div><a class=\"wp-block-latest-posts__post-title\" href=\"https:\/\/www.gender101.eu\/at-what-point-does-a-child-recognise-their-gender-identity\/\">F&#8217;liema punt t-tfal jag\u0127rfu l-identit\u00e0 tal-\u0121eneru tag\u0127hom?<\/a><div class=\"wp-block-latest-posts__post-excerpt\">Ir-rikonoxximent tal-identit\u00e0 tal-\u0121eneru huwa pro\u010bess multidimensjonali u dinamiku li ji\u017cvol\u0121i f&#8217;diversi stadji ta&#8217; \u017cvilupp. Filwaqt li r-ri\u010berka tissu\u0121\u0121erixxi li tfal ta\u2019 sentejn jistg\u0127u jibdew jesprimu preferenzi u inklinazzjonijiet asso\u010bjati ma\u2019 sess partikolari (American Academy of Pediatrics, 2019), huwa kru\u010bjali li tiftakar li din hija biss ix-xrara inizjali. Ir-realizzazzjoni s\u0127i\u0127a tal-identit\u00e0 tal-\u0121eneru tat-tfal hija vja\u0121\u0121 ferm [&hellip;]<\/div><\/li>\n<li><div class=\"wp-block-latest-posts__featured-image alignleft\"><img width=\"150\" height=\"150\" src=\"https:\/\/www.gender101.eu\/wp-content\/uploads\/2024\/04\/3-Difference-between-Gender-and-Sexual-Orientation-e1713961431335-150x150.png\" class=\"attachment-thumbnail size-thumbnail wp-post-image\" alt=\"\" decoding=\"async\" loading=\"lazy\" style=\"max-width:100px;max-height:100px;\" \/><\/div><a class=\"wp-block-latest-posts__post-title\" href=\"https:\/\/www.gender101.eu\/what-is-the-difference-between-gender-identity-and-sexual-orientation\/\">X&#8217;inhi d-differenza bejn l-identit\u00e0 tal-\u0121eneru u l-orjentazzjoni sesswali?<\/a><div class=\"wp-block-latest-posts__post-excerpt\">L-identit\u00e0 tal-\u0121eneru u l-orjentazzjoni sesswali huma karatteristi\u010bi differenti tal-personalit\u00e0. L-identit\u00e0 tal-\u0121eneru hija personali (kif tara lilek innifsek), hija dwar kif tiddefinixxi lilek innifsek fir-rigward tal-\u0121eneru tieg\u0127ek stess. Filwaqt li l-orjentazzjoni sesswali hija interpersonali (min inti \u0121ibed lejh fi\u017cikament, emozzjonalment u\/jew romanticament). In-normi tas-so\u010bjet\u00e0 tradizzjonali \u0127afna drabi jiddettaw regoli stretti dwar kif in-nies &#8220;g\u0127andhom&#8221; ja\u0121ixxu, jilbsu, [&hellip;]<\/div><\/li>\n<li><div class=\"wp-block-latest-posts__featured-image alignleft\"><img width=\"150\" height=\"150\" src=\"https:\/\/www.gender101.eu\/wp-content\/uploads\/2024\/04\/2-Is-it-a-Trend-150x150.jpg\" class=\"attachment-thumbnail size-thumbnail wp-post-image\" alt=\"\" decoding=\"async\" loading=\"lazy\" style=\"max-width:100px;max-height:100px;\" \/><\/div><a class=\"wp-block-latest-posts__post-title\" href=\"https:\/\/www.gender101.eu\/is-it-a-trend\/\">Hija tendenza?<\/a><div class=\"wp-block-latest-posts__post-excerpt\">Id-diversit\u00e0 tal-\u0121eneri mhix biss xejra, mhix kapri\u010b\u010b, mhix marda, mhix perver\u017cjoni, u t-tfal mhumiex mhedda minn nies trans\u0121eneri. It-tfal li jitg\u0127allmu dwar it-transgenderism ma j\u0127allux impatt fuq l-identit\u00e0 tal-\u0121eneru tag\u0127hom. G\u0127arfien b\u0127al dan ma jag\u0127milx lil tfal cisgender &#8220;jsiru&#8221; trans\u0121eneri, aktar milli t-tag\u0127lim dwar nazzjonalitajiet differenti jbiddel l-etni\u010bit\u00e0 ta &#8216;xi \u0127add. F&#8217;dawn l-a\u0127\u0127ar snin, kien [&hellip;]<\/div><\/li>\n<li><div class=\"wp-block-latest-posts__featured-image alignleft\"><img width=\"150\" height=\"150\" src=\"https:\/\/www.gender101.eu\/wp-content\/uploads\/2024\/04\/1-What-is-Gender-Identity-1-150x150.jpg\" class=\"attachment-thumbnail size-thumbnail wp-post-image\" alt=\"\" decoding=\"async\" loading=\"lazy\" style=\"max-width:100px;max-height:100px;\" \/><\/div><a class=\"wp-block-latest-posts__post-title\" href=\"https:\/\/www.gender101.eu\/what-is-gender-identity\/\">X&#8217;inhi l-identit\u00e0 tal-\u0121eneru?<\/a><div class=\"wp-block-latest-posts__post-excerpt\">G\u0127al \u0127afna nies b&#8217;diversi sessi, il-kun\u010bett ta&#8217; \u0121eneru binarju &#8211; li jkollok tag\u0127\u017cel li tesprimi lilek innifsek b\u0127ala ra\u0121el jew mara &#8211; huwa restrittiv. Xi nies jippreferu li jkollhom il-libert\u00e0 li jinbidlu minn \u0121eneru g\u0127all-ie\u0127or, jew ma jkollhom l-ebda identit\u00e0 tal-\u0121eneru. O\u0127rajn iridu biss ikunu jistg\u0127u jisfidaw jew jisfidaw b&#8217;mod miftu\u0127 kun\u010betti aktar normalizzati ta [&hellip;]<\/div><\/li>\n<li><div class=\"wp-block-latest-posts__featured-image alignleft\"><img width=\"150\" height=\"150\" src=\"https:\/\/www.gender101.eu\/wp-content\/uploads\/2024\/04\/DT-cover-150x150.png\" class=\"attachment-thumbnail size-thumbnail wp-post-image\" alt=\"\" decoding=\"async\" loading=\"lazy\" style=\"max-width:100px;max-height:100px;\" \/><\/div><a class=\"wp-block-latest-posts__post-title\" href=\"https:\/\/www.gender101.eu\/the-gender-101-digital-tools\/\">GENDER 101 G\u0127odod Di\u0121itali<\/a><div class=\"wp-block-latest-posts__post-excerpt\">L-G\u0127odod Di\u0121itali huma g\u0127odod innovattivi li jg\u0127inu lill-ambjenti edukattivi jimmani\u0121\u0121jaw u jifhmu d-diversit\u00e0 u l-identit\u00e0 tls-\u0121eneru<\/div><\/li>\n<li><div class=\"wp-block-latest-posts__featured-image alignleft\"><img width=\"150\" height=\"150\" src=\"https:\/\/www.gender101.eu\/wp-content\/uploads\/2024\/04\/What-about-us-Website-banner-1100x416-1-e1712054305188-150x150.png\" class=\"attachment-thumbnail size-thumbnail wp-post-image\" alt=\"\" decoding=\"async\" loading=\"lazy\" style=\"max-width:100px;max-height:100px;\" \/><\/div><a class=\"wp-block-latest-posts__post-title\" href=\"https:\/\/www.gender101.eu\/and-what-about-us\/\">Il-konferenza And What about us?<\/a><div class=\"wp-block-latest-posts__post-excerpt\">&#8220;And What about Us? Parents &#038; Educators of Gender Diverse Children&#8221;\u00a0conference aims to deepen the understanding of gender diversity among children<\/div><\/li>\n<li><div class=\"wp-block-latest-posts__featured-image alignleft\"><img width=\"150\" height=\"150\" src=\"https:\/\/www.gender101.eu\/wp-content\/uploads\/2024\/03\/SAVETHEDATE_all_cover-150x150.png\" class=\"attachment-thumbnail size-thumbnail wp-post-image\" alt=\"\" decoding=\"async\" loading=\"lazy\" style=\"max-width:100px;max-height:100px;\" \/><\/div><a class=\"wp-block-latest-posts__post-title\" href=\"https:\/\/www.gender101.eu\/events-in-malta-lithuania-poland-ireland-italy-and-croatia\/\">Avvenimenti f&#8217;Malta, il-Litwanja, il-Polonja, l-Irlanda,  l-Italja u l-Kroazja<\/a><div class=\"wp-block-latest-posts__post-excerpt\">It-tim tal-pro\u0121ett qed jorganizza avvenimenti fil-pajji\u017ci kollha tal-pro\u0121ett<\/div><\/li>\n<li><div class=\"wp-block-latest-posts__featured-image alignleft\"><img width=\"150\" height=\"150\" src=\"https:\/\/www.gender101.eu\/wp-content\/uploads\/2024\/03\/SAVETHEDATE_UNINA-150x150.png\" class=\"attachment-thumbnail size-thumbnail wp-post-image\" alt=\"\" decoding=\"async\" loading=\"lazy\" style=\"max-width:100px;max-height:100px;\" \/><\/div><a class=\"wp-block-latest-posts__post-title\" href=\"https:\/\/www.gender101.eu\/save-the-date-diversita-di-genere\/\">SAVE THE DATE: Diversit\u00e0 di genere?<\/a><div class=\"wp-block-latest-posts__post-excerpt\">Diversit\u00e0 di genere? (per formatori e genitori) &#8211;  19 aprile 2024, Napoli (Italia) &#8211; 17:00-19:00<\/div><\/li>\n<li><div class=\"wp-block-latest-posts__featured-image alignleft\"><img width=\"150\" height=\"150\" src=\"https:\/\/www.gender101.eu\/wp-content\/uploads\/2024\/03\/Guide-cover-150x150.png\" class=\"attachment-thumbnail size-thumbnail wp-post-image\" alt=\"\" decoding=\"async\" loading=\"lazy\" style=\"max-width:100px;max-height:100px;\" \/><\/div><a class=\"wp-block-latest-posts__post-title\" href=\"https:\/\/www.gender101.eu\/using-the-guide-for-trainers\/\">L-U\u017cu tal-Gwida g\u0127all-Edukaturi<\/a><div class=\"wp-block-latest-posts__post-excerpt\">Il-&#8220;Ktieb ta&#8217; Gwida g\u0127al Trejners: Introduzzjoni g\u0127ad-Diversit\u00e0 tal-\u0120eneru &#8221; huwa ri\u017corsa e\u010b\u010bellenti g\u0127al min i\u0127arre\u0121 li jridu jindirizzaw l-identit\u00e0 tal-\u0121eneru, l-espressjoni, u sfidi relatati b&#8217;mod effettiv<\/div><\/li>\n<li><div class=\"wp-block-latest-posts__featured-image alignleft\"><img width=\"150\" height=\"150\" src=\"https:\/\/www.gender101.eu\/wp-content\/uploads\/2024\/03\/NL3-thumb-150x150.png\" class=\"attachment-thumbnail size-thumbnail wp-post-image\" alt=\"GENDER 1010 Newsletter 3\" decoding=\"async\" loading=\"lazy\" style=\"max-width:100px;max-height:100px;\" \/><\/div><a class=\"wp-block-latest-posts__post-title\" href=\"https:\/\/www.gender101.eu\/gender-101-newsletter-3-3-2024\/\">GENDER 101 newsletter 3, 3\/2024<\/a><div class=\"wp-block-latest-posts__post-excerpt\">\u0120ewwa din in-Newsletter: GENDER 101 programm g\u0127al min i\u0127arre\u0121; Feedback dwar it-tag\u0127lim GENDER1 101 minn min i\u0127arre\u0121 u \u0121enituri; Laqg\u0127a Interim onlajn u Laqg\u0127a tal-Pro\u0121ett Transnazzjonali fl-Irlanda; L-u\u017cu tal-Gwida g\u0127al Trejners<\/div><\/li>\n<li><div class=\"wp-block-latest-posts__featured-image alignleft\"><img width=\"95\" height=\"147\" src=\"https:\/\/www.gender101.eu\/wp-content\/uploads\/2023\/01\/Ico_Results.png\" class=\"attachment-thumbnail size-thumbnail wp-post-image\" alt=\"\" decoding=\"async\" loading=\"lazy\" style=\"max-width:100px;max-height:100px;\" \/><\/div><a class=\"wp-block-latest-posts__post-title\" href=\"https:\/\/www.gender101.eu\/online-interim-meeting-and-transnational-project-meeting-in-ireland\/\">Laqg\u0127a Interim onlajn u Laqg\u0127a tal-Pro\u0121ett Transnazzjonali fl-Irlanda<\/a><div class=\"wp-block-latest-posts__post-excerpt\">L-imsie\u0127ba tal-pro\u0121ett qed jikkooperaw mill-qrib g\u0127all-implimentazzjoni tal-pro\u0121ett, jiltaqg\u0127u online u personalment, biex jaqsmu l-progressjoni f&#8217;waqtha tal-passi li jmiss ta&#8217; GENDER 101<\/div><\/li>\n<li><div class=\"wp-block-latest-posts__featured-image alignleft\"><img width=\"150\" height=\"150\" src=\"https:\/\/www.gender101.eu\/wp-content\/uploads\/2024\/09\/eventi-8-150x150.jpg\" class=\"attachment-thumbnail size-thumbnail wp-post-image\" alt=\"\" decoding=\"async\" loading=\"lazy\" style=\"max-width:100px;max-height:100px;\" \/><\/div><a class=\"wp-block-latest-posts__post-title\" href=\"https:\/\/www.gender101.eu\/gender-101-learning-for-parents-in-all-project-countries\/\">GENDER 101 tag\u0127lim g\u0127all-\u0121enituri f&#8217;kull pajji\u017ci tal-pro\u0121ett<\/a><div class=\"wp-block-latest-posts__post-excerpt\">Is sessjonijiet tal-Masterclass saru matul is-sajf tal-2023 mal-\u0121enituri fis-sitt pajji\u017ci msie\u0127ba. Filwaqt li xi imsie\u0127ba ltaqg\u0127u ma\u2019 diffikultajiet biex jirreklutaw il-\u0121enituri biex jattendu, ladarba saru s-sessjonijiet il-\u0121enituri \u0127assewhom komdi u sikuri u rrealizzaw li kienu qed jattendu sessjoni f\u2019ambjent miftu\u0127 fejn setg\u0127u jitg\u0127allmu, jitkellmu u jsaqsu.<\/div><\/li>\n<li><div class=\"wp-block-latest-posts__featured-image alignleft\"><img width=\"150\" height=\"150\" src=\"https:\/\/www.gender101.eu\/wp-content\/uploads\/2023\/11\/trainers-educators-150x150.png\" class=\"attachment-thumbnail size-thumbnail wp-post-image\" alt=\"\" decoding=\"async\" loading=\"lazy\" style=\"max-width:100px;max-height:100px;\" \/><\/div><a class=\"wp-block-latest-posts__post-title\" href=\"https:\/\/www.gender101.eu\/feedback-on-the-gender1-101-learning-from-trainers-and-parents\/\">Feedback dwar it-tag\u0127lim GENDER 101 minn min i\u0127arre\u0121 u \u0121enituri<\/a><div class=\"wp-block-latest-posts__post-excerpt\">L-attivitajiet differenti mwettqa bi 18-il trejner u 360 \u0121enitur fil-pajji\u017ci tal-pro\u0121ett taw lill-iskwadra tal-pro\u0121ett l-opportunit\u00e0 li ji\u0121bor feedback komprensivi dwar it-ta\u0127ri\u0121 tal-pro\u0121ett.<\/div><\/li>\n<li><div class=\"wp-block-latest-posts__featured-image alignleft\"><img width=\"100\" height=\"53\" src=\"https:\/\/www.gender101.eu\/wp-content\/uploads\/2023\/07\/TRAINING-IN-GENDER-DIVERSITY-1.png\" class=\"attachment-thumbnail size-thumbnail wp-post-image\" alt=\"\" decoding=\"async\" loading=\"lazy\" style=\"max-width:100px;max-height:100px;\" \/><\/div><a class=\"wp-block-latest-posts__post-title\" href=\"https:\/\/www.gender101.eu\/training-in-gender-diversity\/\">Ta\u0127ri\u0121 fid-diversit\u00e0 tal-\u0121eneru<\/a><div class=\"wp-block-latest-posts__post-excerpt\">Fost ir-ri\u017cultati tal-pro\u0121ett Gender 101 hemm il-\u0127olqien ta\u2019 spazju g\u0127at-ta\u0127ri\u0121 fid-diversit\u00e0 tal-\u0121eneru. <\/div><\/li>\n<li><div class=\"wp-block-latest-posts__featured-image alignleft\"><img width=\"150\" height=\"150\" src=\"https:\/\/www.gender101.eu\/wp-content\/uploads\/2023\/06\/NL2-thumb-2-150x150.png\" class=\"attachment-thumbnail size-thumbnail wp-post-image\" alt=\"\" decoding=\"async\" loading=\"lazy\" style=\"max-width:100px;max-height:100px;\" \/><\/div><a class=\"wp-block-latest-posts__post-title\" href=\"https:\/\/www.gender101.eu\/gender-101-newsletter-2-7-2023\/\">GENDER 101 newsletter 2, 7\/2023<\/a><div class=\"wp-block-latest-posts__post-excerpt\">\u0120ewwa din il-\u0127ar\u0121a: Il-kliem g\u0127all-\u0121eneru; Laqg\u0127a tal-pro\u0121etti transnazzjonali fil-Polonja; Il-programm ta\u2019 tag\u0127lim GENDER 101 g\u0127al min i\u0127arre\u0121 u \u0121enituri; GENDER 101 i\u0127arre\u0121 lit-trejners fil-pajji\u017ci tal-pro\u0121ett; GENER 101 Gwida g\u0127al min i\u0127arre\u0121<\/div><\/li>\n<li><div class=\"wp-block-latest-posts__featured-image alignleft\"><img width=\"150\" height=\"150\" src=\"https:\/\/www.gender101.eu\/wp-content\/uploads\/2023\/07\/Programme-150x150.jpg\" class=\"attachment-thumbnail size-thumbnail wp-post-image\" alt=\"\" decoding=\"async\" loading=\"lazy\" style=\"max-width:100px;max-height:100px;\" \/><\/div><a class=\"wp-block-latest-posts__post-title\" href=\"https:\/\/www.gender101.eu\/the-gender-101-learning-programme-for-trainers-and-parents\/\">Il-programm ta\u2019 tag\u0127lim GENDER 101 g\u0127al min i\u0127arre\u0121 u \u0121enituri<\/a><div class=\"wp-block-latest-posts__post-excerpt\">Tag\u0127lim iddedikat tal-GENDER 101 mog\u0127ti lil 360 \u0121enituri fil-pajji\u017ci tal-pro\u0121ett<\/div><\/li>\n<li><div class=\"wp-block-latest-posts__featured-image alignleft\"><img width=\"150\" height=\"150\" src=\"https:\/\/www.gender101.eu\/wp-content\/uploads\/2023\/06\/family-4787015-150x150.jpg\" class=\"attachment-thumbnail size-thumbnail wp-post-image\" alt=\"\" decoding=\"async\" loading=\"lazy\" style=\"max-width:100px;max-height:100px;\" \/><\/div><a class=\"wp-block-latest-posts__post-title\" href=\"https:\/\/www.gender101.eu\/gender-101-guide-for-trainers\/\">GENDER 101 Gwida g\u0127al min i\u0127arre\u0121<\/a><div class=\"wp-block-latest-posts__post-excerpt\">GENDER 101 materjali ta&#8217; appo\u0121\u0121 g\u0127al min i\u0127arre\u0121 u partijiet interessati ma\u0127luqa mit-tim tal-pro\u0121ett<\/div><\/li>\n<li><div class=\"wp-block-latest-posts__featured-image alignleft\"><img width=\"150\" height=\"150\" src=\"https:\/\/www.gender101.eu\/wp-content\/uploads\/2023\/06\/ice-cream-1866469_1280-150x150.jpg\" class=\"attachment-thumbnail size-thumbnail wp-post-image\" alt=\"\" decoding=\"async\" loading=\"lazy\" style=\"max-width:100px;max-height:100px;\" \/><\/div><a class=\"wp-block-latest-posts__post-title\" href=\"https:\/\/www.gender101.eu\/gender-101-train-the-trainers-in-the-project-countries\/\">GENDER 101 i\u0127arre\u0121 lill-\u0127arrie\u0121a fil-pajji\u017ci tal-pro\u0121ett<\/a><div class=\"wp-block-latest-posts__post-excerpt\">\r\nGENDER 101 masterclasses g\u0127al min i\u0127arre\u0121 fil-pajji\u017ci kollha tal-pro\u0121ett<\/div><\/li>\n<li><div class=\"wp-block-latest-posts__featured-image alignleft\"><img width=\"95\" height=\"147\" src=\"https:\/\/www.gender101.eu\/wp-content\/uploads\/2023\/01\/Ico_Results.png\" class=\"attachment-thumbnail size-thumbnail wp-post-image\" alt=\"\" decoding=\"async\" loading=\"lazy\" style=\"max-width:100px;max-height:100px;\" \/><\/div><a class=\"wp-block-latest-posts__post-title\" href=\"https:\/\/www.gender101.eu\/transnational-project-meeting-in-poland\/\">Laqg\u0127a tal-pro\u0121ett transnazzjonali fil-Polonja<\/a><div class=\"wp-block-latest-posts__post-excerpt\">Fit-23-24 ta&#8217; Mejju 2023 it-tim tal-pro\u0121ett iltaqa&#8217; personalment fi \u0141\u00f3d\u017a (il-Polonja)<\/div><\/li>\n<li><div class=\"wp-block-latest-posts__featured-image alignleft\"><img width=\"150\" height=\"150\" src=\"https:\/\/www.gender101.eu\/wp-content\/uploads\/2023\/04\/NL1-thumb-1-150x150.png\" class=\"attachment-thumbnail size-thumbnail wp-post-image\" alt=\"\" decoding=\"async\" loading=\"lazy\" style=\"max-width:100px;max-height:100px;\" \/><\/div><a class=\"wp-block-latest-posts__post-title\" href=\"https:\/\/www.gender101.eu\/gender-101-newsletter-1-2-2023\/\">NEWSLETTER 1, 2\/2023<\/a><div class=\"wp-block-latest-posts__post-excerpt\">\u0120ewwa din in-Newsletter: Il-\u0121eneru?; Il- \u0121eneru u l-lingwa; Focus groups ma&#8217; edukaturi u \u0121enituri fil-pajji\u017ci tal-pro\u0121ett; Il-pro\u0121ett GENDER 101; Il-missjoni tal-GENDER 101; GENDER 101 branding\r\n<\/div><\/li>\n<li><div class=\"wp-block-latest-posts__featured-image alignleft\"><img width=\"150\" height=\"150\" src=\"https:\/\/www.gender101.eu\/wp-content\/uploads\/2023\/04\/2-150x150.jpeg\" class=\"attachment-thumbnail size-thumbnail wp-post-image\" alt=\"\" decoding=\"async\" loading=\"lazy\" style=\"max-width:100px;max-height:100px;\" \/><\/div><a class=\"wp-block-latest-posts__post-title\" href=\"https:\/\/www.gender101.eu\/the-words-for-gender\/\">Il-kliem g\u0127all-\u0121eneru<\/a><div class=\"wp-block-latest-posts__post-excerpt\">Matul l-attivitajiet ta\u2019 konsultazzjoni li saru f\u2019Malta, il-Litwanja, il-Polonja, l-Irlanda, l-Italja u l-Kroazja, il-pro\u0121ett GENDER 101 identifika kliem ewlieni li jiddeskrivi l-\u0121eneru u l-ostakli g\u0127all-inklussivit\u00e0 tal-\u0121eneru<\/div><\/li>\n<li><div class=\"wp-block-latest-posts__featured-image alignleft\"><img width=\"150\" height=\"150\" src=\"https:\/\/www.gender101.eu\/wp-content\/uploads\/2023\/04\/FG-LT-1-150x150.jpg\" class=\"attachment-thumbnail size-thumbnail wp-post-image\" alt=\"\" decoding=\"async\" loading=\"lazy\" style=\"max-width:100px;max-height:100px;\" \/><\/div><a class=\"wp-block-latest-posts__post-title\" href=\"https:\/\/www.gender101.eu\/focus-groups-with-educators-and-parents-in-the-project-countries\/\">Focus groups ma&#8217; edukaturi u \u0121enituri fil-pajji\u017ci tal-pro\u0121ett<\/a><div class=\"wp-block-latest-posts__post-excerpt\">It-tim tal-pro\u0121ett ikkonsulta lill-edukaturi u lill-\u0121enituri f\u2019Malta, il-Litwanja, il-Polonja, l-Irlanda, l-Italja u l-Kroazja dwar il- \u0121eneri u l-ostakli g\u0127all-inklussivit\u00e0 tal-\u0121eneri<\/div><\/li>\n<li><div class=\"wp-block-latest-posts__featured-image alignleft\"><img width=\"150\" height=\"150\" src=\"https:\/\/www.gender101.eu\/wp-content\/uploads\/2023\/04\/home-5574909-scaled-e1681665338759-150x150.jpg\" class=\"attachment-thumbnail size-thumbnail wp-post-image\" alt=\"\" decoding=\"async\" loading=\"lazy\" style=\"max-width:100px;max-height:100px;\" \/><\/div><a class=\"wp-block-latest-posts__post-title\" href=\"https:\/\/www.gender101.eu\/gender-and-language\/\">Il-\u0120eneru u l-Lingwa<\/a><div class=\"wp-block-latest-posts__post-excerpt\">Il-lingwa u l \u0121eneru huma interkonnessi peress li l-lingwa tista\u2019 tirrifletti u ssa\u0127\u0127a\u0127 in-normi u l-aspettattivi tas-so\u010bjet\u00e0 asso\u010bjati mal- \u0121eneru<\/div><\/li>\n<li><div class=\"wp-block-latest-posts__featured-image alignleft\"><img width=\"144\" height=\"93\" src=\"https:\/\/www.gender101.eu\/wp-content\/uploads\/2023\/04\/Ico_Partners.png\" class=\"attachment-thumbnail size-thumbnail wp-post-image\" alt=\"\" decoding=\"async\" loading=\"lazy\" style=\"max-width:100px;max-height:100px;\" \/><\/div><a class=\"wp-block-latest-posts__post-title\" href=\"https:\/\/www.gender101.eu\/gendered-language-in-malta\/\">Il-lingwa tal-\u0121eneru f&#8217;Malta<\/a><div class=\"wp-block-latest-posts__post-excerpt\">Re\u010bentement kien hemm sforz biex ji\u0121i promoss lingwa\u0121\u0121 tal-\u0121eneru f&#8217;Malta. Dan huwa process g\u0127addej<\/div><\/li>\n<li><div class=\"wp-block-latest-posts__featured-image alignleft\"><img width=\"144\" height=\"93\" src=\"https:\/\/www.gender101.eu\/wp-content\/uploads\/2023\/04\/Ico_Partners.png\" class=\"attachment-thumbnail size-thumbnail wp-post-image\" alt=\"\" decoding=\"async\" loading=\"lazy\" style=\"max-width:100px;max-height:100px;\" \/><\/div><a class=\"wp-block-latest-posts__post-title\" href=\"https:\/\/www.gender101.eu\/gendered-language-in-croatia\/\">Il-lingwa tal-\u0121eneru fil-Kroa\u017cja<\/a><div class=\"wp-block-latest-posts__post-excerpt\">Fil-Kroazja, m&#8217;hemm l-ebda standard spe\u010bifiku jew sett ta&#8217; gwida biex jintu\u017ca b\u0127ala lingwa tal-\u0121eneru<\/div><\/li>\n<li><div class=\"wp-block-latest-posts__featured-image alignleft\"><img width=\"144\" height=\"93\" src=\"https:\/\/www.gender101.eu\/wp-content\/uploads\/2023\/04\/Ico_Partners.png\" class=\"attachment-thumbnail size-thumbnail wp-post-image\" alt=\"\" decoding=\"async\" loading=\"lazy\" style=\"max-width:100px;max-height:100px;\" \/><\/div><a class=\"wp-block-latest-posts__post-title\" href=\"https:\/\/www.gender101.eu\/gendered-language-in-ireland\/\">Il-lingwa tal-\u0121eneru fl\u2019Irlanda<\/a><div class=\"wp-block-latest-posts__post-excerpt\">L-u\u017cu ta&#8217; lingwa\u0121\u0121 tal-\u0121eneru fil-lingwa Irlandi\u017ca jista&#8217; jkun kwistjoni kontenzju\u017ca, partikolarment fir-rigward tal-inklu\u017cjoni ta&#8217; individwi mhux binarji u mhux konformi mal-\u0121eneru<\/div><\/li>\n<li><div class=\"wp-block-latest-posts__featured-image alignleft\"><img width=\"144\" height=\"93\" src=\"https:\/\/www.gender101.eu\/wp-content\/uploads\/2023\/04\/Ico_Partners.png\" class=\"attachment-thumbnail size-thumbnail wp-post-image\" alt=\"\" decoding=\"async\" loading=\"lazy\" style=\"max-width:100px;max-height:100px;\" \/><\/div><a class=\"wp-block-latest-posts__post-title\" href=\"https:\/\/www.gender101.eu\/gendered-language-in-poland\/\">Il-lingwa tal-\u0121eneru fil-Polonja<\/a><div class=\"wp-block-latest-posts__post-excerpt\">Il-lingwa Pollakka hija b&#8217;mod \u0121enerali binarja, b&#8217;nomi b\u2019\u0121eneru stess u verbi li jinkorporaw il-\u0121eneru fil-forom tag\u0127hom<\/div><\/li>\n<li><div class=\"wp-block-latest-posts__featured-image alignleft\"><img width=\"144\" height=\"93\" src=\"https:\/\/www.gender101.eu\/wp-content\/uploads\/2023\/04\/Ico_Partners.png\" class=\"attachment-thumbnail size-thumbnail wp-post-image\" alt=\"\" decoding=\"async\" loading=\"lazy\" style=\"max-width:100px;max-height:100px;\" \/><\/div><a class=\"wp-block-latest-posts__post-title\" href=\"https:\/\/www.gender101.eu\/gendered-language-in-lithuania\/\">Il-lingwa tal-\u0121eneru fil-Litwanja<\/a><div class=\"wp-block-latest-posts__post-excerpt\">L-identit\u00e0 tal-\u0121eneru g\u0127adha mhix rikonoxxuta legalment fil-Litwanja. G\u0127alhekk, il-lingwa Litwana m&#8217;g\u0127andhiex kliem separat g\u0127all-aspetti differenti tas-sess<\/div><\/li>\n<li><div class=\"wp-block-latest-posts__featured-image alignleft\"><img width=\"144\" height=\"93\" src=\"https:\/\/www.gender101.eu\/wp-content\/uploads\/2023\/04\/Ico_Partners.png\" class=\"attachment-thumbnail size-thumbnail wp-post-image\" alt=\"\" decoding=\"async\" loading=\"lazy\" style=\"max-width:100px;max-height:100px;\" \/><\/div><a class=\"wp-block-latest-posts__post-title\" href=\"https:\/\/www.gender101.eu\/gendered-language-in-italy\/\">Il-lingwa tal-\u0121eneru fl\u2019Italja<\/a><div class=\"wp-block-latest-posts__post-excerpt\">Fil-lingwa Taljana, g\u0127addejja ri\u010berka g\u0127al espressjonijiet xierqa biex jirrappre\u017centaw nies li ma jag\u0127rfux lilhom infushom fil-binarju tal-\u0121eneri, bil-g\u0127an li ti\u0121i promossa lingwa li tkun aktar rispettu\u017c g\u0127ad-diversit\u00e0 u inklu\u017civa g\u0127al-\u0121eneri kollha<\/div><\/li>\n<li><div class=\"wp-block-latest-posts__featured-image alignleft\"><img width=\"150\" height=\"150\" src=\"https:\/\/www.gender101.eu\/wp-content\/uploads\/2023\/06\/mom-and-daughter-3923086-scaled-e1687686920707-150x150.jpg\" class=\"attachment-thumbnail size-thumbnail wp-post-image\" alt=\"\" decoding=\"async\" loading=\"lazy\" style=\"max-width:100px;max-height:100px;\" \/><\/div><a class=\"wp-block-latest-posts__post-title\" href=\"https:\/\/www.gender101.eu\/gender\/\">Il-\u0120eneru?<\/a><div class=\"wp-block-latest-posts__post-excerpt\">&#8220;Il-\u0121eneru jirreferi g\u0127all-karatteristi\u010bi tan-nisa, l-ir\u0121iel, il-bniet u s-subien li huma mibnija so\u010bjalment.&#8221; Organizzazzjoni Dinjija tas-Sa\u0127\u0127a, 2023<\/div><\/li>\n<li><div class=\"wp-block-latest-posts__featured-image alignleft\"><img width=\"95\" height=\"147\" src=\"https:\/\/www.gender101.eu\/wp-content\/uploads\/2023\/04\/Ico_Results-1.png\" class=\"attachment-thumbnail size-thumbnail wp-post-image\" alt=\"\" decoding=\"async\" loading=\"lazy\" style=\"max-width:100px;max-height:100px;\" \/><\/div><a class=\"wp-block-latest-posts__post-title\" href=\"https:\/\/www.gender101.eu\/the-project-team-met-in-lituania\/\">Laqg\u0127a tat-tim tal-pro\u0121ett GENDER 101 fil-Litwanja<\/a><div class=\"wp-block-latest-posts__post-excerpt\">Fl-24 u l-25 ta\u2019 Jannar 2023 it-tim tal-pro\u0121ett GENDER 101 iltaqa\u2019 f\u2019\u0160iauliai (il-Litwanja)<\/div><\/li>\n<li><div class=\"wp-block-latest-posts__featured-image alignleft\"><img width=\"150\" height=\"150\" src=\"https:\/\/www.gender101.eu\/wp-content\/uploads\/2023\/01\/VI-150x150.png\" class=\"attachment-thumbnail size-thumbnail wp-post-image\" alt=\"\" decoding=\"async\" loading=\"lazy\" style=\"max-width:100px;max-height:100px;\" \/><\/div><a class=\"wp-block-latest-posts__post-title\" href=\"https:\/\/www.gender101.eu\/gender-101-branding\/\">GENDER 101 branding<\/a><div class=\"wp-block-latest-posts__post-excerpt\">Il-pro\u0121ett GENDER 101 iddisinja l-istrate\u0121ija tal-branding, ibba\u017cata fuq il-logo u l-identit\u00e0 vi\u017civa.<\/div><\/li>\n<li><div class=\"wp-block-latest-posts__featured-image alignleft\"><img width=\"95\" height=\"147\" src=\"https:\/\/www.gender101.eu\/wp-content\/uploads\/2023\/04\/Ico_Results-1.png\" class=\"attachment-thumbnail size-thumbnail wp-post-image\" alt=\"\" decoding=\"async\" loading=\"lazy\" style=\"max-width:100px;max-height:100px;\" \/><\/div><a class=\"wp-block-latest-posts__post-title\" href=\"https:\/\/www.gender101.eu\/first-steps-of-the-project\/\">L-ewwel passi tal-pro\u0121ett<\/a><div class=\"wp-block-latest-posts__post-excerpt\">Laqg\u0127a tal-bidu onlajn tal-imsie\u0127ba tal-pro\u0121ett biex jibdew l-attivitajiet GENDER 101<\/div><\/li>\n<\/ul>","protected":false},"excerpt":{"rendered":"<p>Ir-ri\u017cultati finali tal-pro\u0121ett GENDER 101l-pro\u0121ett Gender 101 ippermetta lill-Imsie\u0127ba f\u2019sitt pajji\u017ci Ewropej differenti biex jo\u0127olqu kanal ta\u2019 diskussjoni mal-edukaturi u l-\u0121enituri dwar is-su\u0121\u0121ett tad-diversit\u00e0 tal-\u0121eneri Feedback dwar it-tag\u0127lim GENDER 101 minn min i\u0127arre\u0121 u mill-\u0121enituriIl-kontenut tar-ri\u017cultati intellettwali kollha \u0121ie rivedut minn esperti fil-pajji\u017ci msie\u0127ba rispettivi, inklu\u017c il-kontenut tal-g\u0127odda di\u0121itali. Fost il-feedback li waslu mid-diversi esperti [&hellip;]<\/p>\n","protected":false},"author":3,"featured_media":0,"parent":0,"menu_order":0,"comment_status":"closed","ping_status":"closed","template":"","meta":{"pgc_sgb_lightbox_settings":""},"_links":{"self":[{"href":"https:\/\/www.gender101.eu\/wp-json\/wp\/v2\/pages\/420"}],"collection":[{"href":"https:\/\/www.gender101.eu\/wp-json\/wp\/v2\/pages"}],"about":[{"href":"https:\/\/www.gender101.eu\/wp-json\/wp\/v2\/types\/page"}],"author":[{"embeddable":true,"href":"https:\/\/www.gender101.eu\/wp-json\/wp\/v2\/users\/3"}],"replies":[{"embeddable":true,"href":"https:\/\/www.gender101.eu\/wp-json\/wp\/v2\/comments?post=420"}],"version-history":[{"count":4,"href":"https:\/\/www.gender101.eu\/wp-json\/wp\/v2\/pages\/420\/revisions"}],"predecessor-version":[{"id":1010,"href":"https:\/\/www.gender101.eu\/wp-json\/wp\/v2\/pages\/420\/revisions\/1010"}],"wp:attachment":[{"href":"https:\/\/www.gender101.eu\/wp-json\/wp\/v2\/media?parent=420"}],"curies":[{"name":"wp","href":"https:\/\/api.w.org\/{rel}","templated":true}]}}