{"id":420,"date":"2023-01-21T16:43:33","date_gmt":"2023-01-21T15:43:33","guid":{"rendered":"https:\/\/www.gender101.eu\/?page_id=420"},"modified":"2023-06-30T11:22:51","modified_gmt":"2023-06-30T09:22:51","slug":"whats-new","status":"publish","type":"page","link":"https:\/\/www.gender101.eu\/whats-new\/","title":{"rendered":"\u0160to je novo"},"content":{"rendered":"<ul class=\"wp-block-latest-posts__list alignleft wp-block-latest-posts\"><li><div class=\"wp-block-latest-posts__featured-image alignleft\"><img width=\"150\" height=\"150\" src=\"https:\/\/www.gender101.eu\/wp-content\/uploads\/2024\/09\/Final-results-150x150.png\" class=\"attachment-thumbnail size-thumbnail wp-post-image\" alt=\"\" decoding=\"async\" loading=\"lazy\" style=\"max-width:100px;max-height:100px;\" \/><\/div><a class=\"wp-block-latest-posts__post-title\" href=\"https:\/\/www.gender101.eu\/the-final-results-of-the-project\/\">Kona\u010dni rezultati projekta GENDER 101<\/a><div class=\"wp-block-latest-posts__post-excerpt\">Projekt Gender 101 omogu\u0107io je partnerima u \u0161est razli\u010ditih europskih zemalja da stvore kanal za raspravu s edukatorima i roditeljima na temu rodne raznolikosti<\/div><\/li>\n<li><div class=\"wp-block-latest-posts__featured-image alignleft\"><img width=\"99\" height=\"150\" src=\"https:\/\/www.gender101.eu\/wp-content\/uploads\/2023\/04\/Ico_Mission.png\" class=\"attachment-thumbnail size-thumbnail wp-post-image\" alt=\"\" decoding=\"async\" loading=\"lazy\" style=\"max-width:100px;max-height:100px;\" \/><\/div><a class=\"wp-block-latest-posts__post-title\" href=\"https:\/\/www.gender101.eu\/feedback-from-the-experts\/\">Povratne informacije stru\u010dnjaka iz svih projektnih zemalja o u\u010denju GENDER 101<\/a><div class=\"wp-block-latest-posts__post-excerpt\">Sadr\u017eaj svih Intelektualnih rezultata pregledali su stru\u010dnjaci u odgovaraju\u0107im zemljama partnerima, uklju\u010duju\u0107i sadr\u017eaj digitalnog alata. Me\u0111u povratnim informacijama dobivenim od raznih europskih stru\u010dnjaka o sadr\u017eaju digitalnog alata je da digitalni alat uklju\u010duje jasne, prakti\u010dne i \u010dinjeni\u010dne informacije koje su istra\u017eene. Stru\u010dnjaci su tako\u0111er razmi\u0161ljali o tome koliko je ovaj alat koristan jer odgovara na klju\u010dna [&hellip;]<\/div><\/li>\n<li><div class=\"wp-block-latest-posts__featured-image alignleft\"><img width=\"99\" height=\"150\" src=\"https:\/\/www.gender101.eu\/wp-content\/uploads\/2023\/04\/Ico_Mission.png\" class=\"attachment-thumbnail size-thumbnail wp-post-image\" alt=\"\" decoding=\"async\" loading=\"lazy\" style=\"max-width:100px;max-height:100px;\" \/><\/div><a class=\"wp-block-latest-posts__post-title\" href=\"https:\/\/www.gender101.eu\/next-initiatives\/\">Sljede\u0107e inicijative<\/a><div class=\"wp-block-latest-posts__post-excerpt\">Posljednji mjeseci projekta bit \u0107e dodijeljeni evaluaciji. Partneri \u0107e raditi na pregledu povratnih informacija primljenih od sudionika aktivnosti i osoba koje provode te aktivnosti, kao i raditi na alatu za utjecaj, financijskim izvje\u0161\u0107ima i izvje\u0161\u0107ima o diseminaciji, prije kona\u010dne isporuke rezultata projekta.<\/div><\/li>\n<li><div class=\"wp-block-latest-posts__featured-image alignleft\"><img width=\"150\" height=\"150\" src=\"https:\/\/www.gender101.eu\/wp-content\/uploads\/2024\/04\/NL5-thumb-150x150.png\" class=\"attachment-thumbnail size-thumbnail wp-post-image\" alt=\"\" decoding=\"async\" loading=\"lazy\" style=\"max-width:100px;max-height:100px;\" \/><\/div><a class=\"wp-block-latest-posts__post-title\" href=\"https:\/\/www.gender101.eu\/gender-101-newsletter-5-7-2024\/\">GENDER 101 newsletter 5, 7\/2024<\/a><div class=\"wp-block-latest-posts__post-excerpt\">Unutar ovog broja: Kona\u010dni rezultati projekta GENDER 101; Posljednji transnacionalni projektni sastanak na Malti; Suradnja s pridru\u017eenim partnerima; Sljede\u0107e inicijative; Zavr\u0161na me\u0111unarodna konferencija na Malti<\/div><\/li>\n<li><div class=\"wp-block-latest-posts__featured-image alignleft\"><img width=\"150\" height=\"150\" src=\"https:\/\/www.gender101.eu\/wp-content\/uploads\/2024\/06\/associati-150x150.png\" class=\"attachment-thumbnail size-thumbnail wp-post-image\" alt=\"\" decoding=\"async\" loading=\"lazy\" style=\"max-width:100px;max-height:100px;\" \/><\/div><a class=\"wp-block-latest-posts__post-title\" href=\"https:\/\/www.gender101.eu\/cooperation-with-associated-partners\/\">Suradnja s pridru\u017eenim partnerima<\/a><div class=\"wp-block-latest-posts__post-excerpt\">Tijekom vremenskog okvira projekta, partneri su promovirali rad na projektu te raspravljali i dijelili rezultate s razli\u010ditim dionicima, kako bi osigurali \u0161iroku distribuciju i podr\u017eali naslije\u0111e projekta<\/div><\/li>\n<li><div class=\"wp-block-latest-posts__featured-image alignleft\"><img width=\"150\" height=\"150\" src=\"https:\/\/www.gender101.eu\/wp-content\/uploads\/2024\/05\/20240514_085030-150x150.jpg\" class=\"attachment-thumbnail size-thumbnail wp-post-image\" alt=\"\" decoding=\"async\" loading=\"lazy\" style=\"max-width:100px;max-height:100px;\" \/><\/div><a class=\"wp-block-latest-posts__post-title\" href=\"https:\/\/www.gender101.eu\/final-international-conference-in-malta\/\">Zavr\u0161na me\u0111unarodna konferencija na Malti<\/a><div class=\"wp-block-latest-posts__post-excerpt\">Zavr\u0161na konferencija odr\u017eana je na Malti 14. svibnja 2024. Konferenciji je prisustvovalo oko 100 sudionika, a prisutni su bili kombinacija roditelja i stru\u010dnjaka koji rade s roditeljima i mladima.<\/div><\/li>\n<li><div class=\"wp-block-latest-posts__featured-image alignleft\"><img width=\"95\" height=\"147\" src=\"https:\/\/www.gender101.eu\/wp-content\/uploads\/2023\/04\/Ico_Results.png\" class=\"attachment-thumbnail size-thumbnail wp-post-image\" alt=\"\" decoding=\"async\" loading=\"lazy\" style=\"max-width:100px;max-height:100px;\" \/><\/div><a class=\"wp-block-latest-posts__post-title\" href=\"https:\/\/www.gender101.eu\/last-transnational-project-meeting-in-malta\/\">Zadnji transnacionalni projektni sastanak na Malti<\/a><div class=\"wp-block-latest-posts__post-excerpt\">Zavr\u0161ni osobni sastanak odr\u017ean je na Malti 13. svibnja 2024<\/div><\/li>\n<li><div class=\"wp-block-latest-posts__featured-image alignleft\"><img width=\"150\" height=\"150\" src=\"https:\/\/www.gender101.eu\/wp-content\/uploads\/2024\/09\/Eventi-7-150x150.jpg\" class=\"attachment-thumbnail size-thumbnail wp-post-image\" alt=\"\" decoding=\"async\" loading=\"lazy\" style=\"max-width:100px;max-height:100px;\" \/><\/div><a class=\"wp-block-latest-posts__post-title\" href=\"https:\/\/www.gender101.eu\/the-programme-of-events\/\">Program doga\u0111anja na Malti, Litvi, Poljskoj, Irskoj, Italiji i Hrvatskoj<\/a><div class=\"wp-block-latest-posts__post-excerpt\">Multiplikatorski doga\u0111aji odr\u017eani su u pet partnerskih zemalja Litvi, Poljskoj, Irskoj, Italiji i Hrvatskoj u travnju 2024. Multiplikatorski doga\u0111aji bili su prilika za predstavljanje rezultata projekta i posebno za pokretanje digitalnih alata. Zavr\u0161ni doga\u0111aj konferencije odr\u017eat \u0107e se na Malti, kao koordinator projekta, 14. svibnja 2024.<\/div><\/li>\n<li><div class=\"wp-block-latest-posts__featured-image alignleft\"><img width=\"150\" height=\"150\" src=\"https:\/\/www.gender101.eu\/wp-content\/uploads\/2024\/04\/NL4-thumb-150x150.png\" class=\"attachment-thumbnail size-thumbnail wp-post-image\" alt=\"\" decoding=\"async\" loading=\"lazy\" style=\"max-width:100px;max-height:100px;\" \/><\/div><a class=\"wp-block-latest-posts__post-title\" href=\"https:\/\/www.gender101.eu\/gender-101-newsletter-4-4-2024\/\">GENDER 101 newsletter 4, 4\/2024<\/a><div class=\"wp-block-latest-posts__post-excerpt\">Unutar ovog broja: GENDER 101 digitalni alati GENDER 101 u\u010denje za roditelje u svim projektnim zemljama; Povratne informacije od stru\u010dnjaka iz svih projektnih zemalja za GENDER 101 u\u010denja; Program doga\u0111anja u Malti, Litvi, Poljskoj, Irskoj, Italiji i Hrvatskoj<\/div><\/li>\n<li><div class=\"wp-block-latest-posts__featured-image alignleft\"><img width=\"150\" height=\"150\" src=\"https:\/\/www.gender101.eu\/wp-content\/uploads\/2024\/04\/19-Supporting-Gender-Diverse-Children-in-the-Classroom-scaled-e1719215452472-150x150.jpg\" class=\"attachment-thumbnail size-thumbnail wp-post-image\" alt=\"\" decoding=\"async\" loading=\"lazy\" style=\"max-width:100px;max-height:100px;\" \/><\/div><a class=\"wp-block-latest-posts__post-title\" href=\"https:\/\/www.gender101.eu\/how-can-i-support-a-gender-diverse-child-in-the-classroom\/\">Podr\u0161ka rodno razli\u010ditoj djeci u razredu<\/a><div class=\"wp-block-latest-posts__post-excerpt\">Nastavnici koji \u017eele podr\u017eati u\u010denike razli\u010ditih spolova u u\u010dionici moraju uspostaviti uklju\u010divo, pristojno okru\u017eenje za u\u010denje koje pru\u017ea podr\u0161ku. Evo nekoliko strategija koje treba razmotriti: Nau\u010dite o rodnoj raznolikosti, uklju\u010duju\u0107i vokabular i korisne savjete za rad s djecom iz razli\u010ditih sredina. Budite u tijeku s najnovijim istra\u017eivanjima i strategijama podu\u010davanja u ovom podru\u010dju. Prilikom podu\u010davanja [&hellip;]<\/div><\/li>\n<li><div class=\"wp-block-latest-posts__featured-image alignleft\"><img width=\"150\" height=\"150\" src=\"https:\/\/www.gender101.eu\/wp-content\/uploads\/2024\/04\/18-Signs-Your-Child-May-Be-Questioning-Their-Gender-Identity-e1719215518668-150x150.jpg\" class=\"attachment-thumbnail size-thumbnail wp-post-image\" alt=\"\" decoding=\"async\" loading=\"lazy\" style=\"max-width:100px;max-height:100px;\" \/><\/div><a class=\"wp-block-latest-posts__post-title\" href=\"https:\/\/www.gender101.eu\/what-to-look-out-for-to-understand-if-my-child-is-questioning-their-gender-identity-what-to-pay-attention-to\/\">Znakovi da va\u0161e dijete mo\u017eda dovodi u pitanje svoj rodni identitet<\/a><div class=\"wp-block-latest-posts__post-excerpt\">Na \u0161to trebam paziti da shvatim da moje dijete dovodi u pitanje svoj rodni identitet? Na \u0161to obratiti pozornost? Obra\u0107anje velike pozornosti na detalje potrebno je za prepoznavanje znakova i pona\u0161anja preispitivanja rodnog identiteta va\u0161eg djeteta. Bitno je imati na umu da je svako dijete jedinstveno i da ne\u0107e na isti na\u010din pokazivati \u200b\u200bsvoj rodni [&hellip;]<\/div><\/li>\n<li><div class=\"wp-block-latest-posts__featured-image alignleft\"><img width=\"150\" height=\"150\" src=\"https:\/\/www.gender101.eu\/wp-content\/uploads\/2024\/04\/17-Supporting-the-mental-health-of-gender-diverse-children-150x150.jpg\" class=\"attachment-thumbnail size-thumbnail wp-post-image\" alt=\"\" decoding=\"async\" loading=\"lazy\" style=\"max-width:100px;max-height:100px;\" \/><\/div><a class=\"wp-block-latest-posts__post-title\" href=\"https:\/\/www.gender101.eu\/how-can-i-support-a-gender-diverse-childs-mental-health\/\">Potpora mentalnom zdravlju rodno raznolike djece<\/a><div class=\"wp-block-latest-posts__post-excerpt\">Potrebno je poduzeti niz vitalnih razmatranja i aktivnosti kako bi se podr\u017ealo mentalno zdravlje rodno raznolikog djeteta: Uspostavljanje sigurne i poticajne atmosfere je klju\u010dno.&nbsp; Stvorite kod ku\u0107e okru\u017eenje u kojem se va\u0161e dijete osje\u0107a slobodnim izraziti svoj rodni identitet bez straha od posljedica. To uklju\u010duje kori\u0161tenje \u017eeljenog imena i zamjenica te po\u0161tivanje njihovog identiteta. Saznajte [&hellip;]<\/div><\/li>\n<li><div class=\"wp-block-latest-posts__featured-image alignleft\"><img width=\"150\" height=\"150\" src=\"https:\/\/www.gender101.eu\/wp-content\/uploads\/2024\/04\/16-Linking-Discrimination-to-Culture-and-Avoiding-It-scaled-e1719215088148-150x150.jpg\" class=\"attachment-thumbnail size-thumbnail wp-post-image\" alt=\"\" decoding=\"async\" loading=\"lazy\" style=\"max-width:100px;max-height:100px;\" \/><\/div><a class=\"wp-block-latest-posts__post-title\" href=\"https:\/\/www.gender101.eu\/how-is-discrimination-related-to-the-culture-we-live-in-how-not-to-fall-into-the-spectre-of-discrimination-in-certain-situations\/\">Povezivanje diskriminacije s kulturom i njezino izbjegavanje<\/a><div class=\"wp-block-latest-posts__post-excerpt\">Kako je diskriminacija povezana s kulturom u kojoj \u017eivimo? Kako ne pasti u bauk diskriminacije u odre\u0111enim situacijama? Diskriminacija je duboko ukorijenjena u dru\u0161tvu i mo\u017ee se temeljiti na mnogim razli\u010ditim karakteristikama. O\u010dituje se u svakodnevnom \u017eivotu, u individualnim percepcijama kulture i obi\u010daja, u dru\u0161tvenim i ekonomskim strukturama, u obrazovanju i zapo\u0161ljavanju, te u pristupu [&hellip;]<\/div><\/li>\n<li><div class=\"wp-block-latest-posts__featured-image alignleft\"><img width=\"150\" height=\"150\" src=\"https:\/\/www.gender101.eu\/wp-content\/uploads\/2024\/04\/15-How-should-I-use-pronouns-e1713962044209-150x150.jpg\" class=\"attachment-thumbnail size-thumbnail wp-post-image\" alt=\"\" decoding=\"async\" loading=\"lazy\" style=\"max-width:100px;max-height:100px;\" \/><\/div><a class=\"wp-block-latest-posts__post-title\" href=\"https:\/\/www.gender101.eu\/how-should-i-use-pronouns\/\">Kako trebam koristiti zamjenice?<\/a><div class=\"wp-block-latest-posts__post-excerpt\">Zamjenica je rije\u010d koja zamjenjuje imenicu. Rodno neutralna ili rodno inkluzivna zamjenica je zamjenica koja ne povezuje spol s pojedincem o kojem se govori. Neki jezici, poput engleskog, nemaju dostupnu rodno neutralnu zamjenicu ili zamjenicu tre\u0107eg roda, a to je kritizirano jer u mnogim slu\u010dajevima pisci, govornici itd. koriste &#8220;on\/njegov&#8221; kada govore o generi\u010dkoj osobi [&hellip;]<\/div><\/li>\n<li><div class=\"wp-block-latest-posts__featured-image alignleft\"><img width=\"150\" height=\"150\" src=\"https:\/\/www.gender101.eu\/wp-content\/uploads\/2024\/04\/14-What-is-Gender-Neutral-language-e1713962023575-150x150.jpg\" class=\"attachment-thumbnail size-thumbnail wp-post-image\" alt=\"\" decoding=\"async\" loading=\"lazy\" style=\"max-width:100px;max-height:100px;\" \/><\/div><a class=\"wp-block-latest-posts__post-title\" href=\"https:\/\/www.gender101.eu\/what-is-gender-neutral-language\/\">\u0160to je rodno neutralni jezik?<\/a><div class=\"wp-block-latest-posts__post-excerpt\">Rodno neutralni jezik, koji se naziva i neseksisti\u010dkim, rodno inkluzivnim ili rodno nespecifi\u010dnim jezikom, odnosi se na jezik koji uklju\u010duje rije\u010di ili izraze za koje se ne mo\u017ee smatrati da se odnose samo na jedan spol. Ova vrsta jezika izbjegava pristranost prema odre\u0111enom spolu ili rodu. Mora se naglasiti da u engleskom jeziku postoji razlika [&hellip;]<\/div><\/li>\n<li><div class=\"wp-block-latest-posts__featured-image alignleft\"><img width=\"150\" height=\"150\" src=\"https:\/\/www.gender101.eu\/wp-content\/uploads\/2024\/04\/13-Is-Gender-Identity-Contagious-scaled-e1713961875978-150x150.jpg\" class=\"attachment-thumbnail size-thumbnail wp-post-image\" alt=\"\" decoding=\"async\" loading=\"lazy\" style=\"max-width:100px;max-height:100px;\" \/><\/div><a class=\"wp-block-latest-posts__post-title\" href=\"https:\/\/www.gender101.eu\/is-gender-identity-in-children-potentially-contagious\/\">Je li rodni identitet zarazan?<\/a><div class=\"wp-block-latest-posts__post-excerpt\">Dobro organiziran u svom pristupu, ispravljanje ovog prevladavaju\u0107eg nesporazuma zapo\u010dinje temeljnim razja\u0161njavanjem definicije &#8220;zaraznog&#8221; i napreduje prema analizi stereotipa. Ovaj pristup uspje\u0161no razotkriva zabludu dok prenosi znanje o rodnom identitetu i razli\u010ditosti. Uklju\u010divanje pojedinosti o zna\u010daju empatije, razumijevanja i razlike izme\u0111u utjecaja i zaraze moglo bi pru\u017eiti daljnje poja\u0161njenje koje bi poduprlo ovaj odgovor. Uz [&hellip;]<\/div><\/li>\n<li><div class=\"wp-block-latest-posts__featured-image alignleft\"><img width=\"150\" height=\"150\" src=\"https:\/\/www.gender101.eu\/wp-content\/uploads\/2024\/04\/12-Discussing-\u200bthese-issues-with-\u200bt\u200bhe-other-Children-scaled-e1719215608839-150x150.jpg\" class=\"attachment-thumbnail size-thumbnail wp-post-image\" alt=\"\" decoding=\"async\" loading=\"lazy\" style=\"max-width:100px;max-height:100px;\" \/><\/div><a class=\"wp-block-latest-posts__post-title\" href=\"https:\/\/www.gender101.eu\/how-should-the-circumstances-be-discussed-with-non-lgbtq-children\/\">Razgovor o tim pitanjima s drugom djecom<\/a><div class=\"wp-block-latest-posts__post-excerpt\">Ovaj segment uspostavlja \u010dvrstu osnovu za upoznavanje mladih osoba s LGBTQ+ i nagla\u0161ava va\u017enost razli\u010ditosti i inkluzivnosti. Kako biste pobolj\u0161ali ovaj segment, razmislite o uklju\u010divanju preporuka u vezi s aktivnostima i jezikom koji su prikladni za ciljnu dobnu skupinu i koji mogu potaknuti razumijevanje. Dodatno, mo\u017ee biti korisno ponuditi smjernice o odgovaranju na upite ili [&hellip;]<\/div><\/li>\n<li><div class=\"wp-block-latest-posts__featured-image alignleft\"><img width=\"150\" height=\"150\" src=\"https:\/\/www.gender101.eu\/wp-content\/uploads\/2024\/04\/11-Educating-Other-Students-on-Gender-Diversity-e1719215572424-150x150.jpg\" class=\"attachment-thumbnail size-thumbnail wp-post-image\" alt=\"\" decoding=\"async\" loading=\"lazy\" style=\"max-width:100px;max-height:100px;\" \/><\/div><a class=\"wp-block-latest-posts__post-title\" href=\"https:\/\/www.gender101.eu\/how-do-i-educate-other-students-about-gender-diversity\/\">Edukacija drugih u\u010denika o rodnoj raznolikosti<\/a><div class=\"wp-block-latest-posts__post-excerpt\">Obja\u0161njeni materijal je temeljit i sveobuhvatan, a koristi se jezikom koji bi trebao biti razumljiv \u0161irokom spektru pojedinaca. U\u010dinkovito otklanja zablude i ispravlja prevladavaju\u0107e nesporazume u vezi s rodnom raznoliko\u0161\u0107u. Kako bi se pobolj\u0161ao ovaj segment, moglo bi biti korisno uklju\u010diti dodatne konkretne ilustracije ili analogije koje se lako mogu povezati s djecom. To bi [&hellip;]<\/div><\/li>\n<li><div class=\"wp-block-latest-posts__featured-image alignleft\"><img width=\"150\" height=\"150\" src=\"https:\/\/www.gender101.eu\/wp-content\/uploads\/2024\/04\/10-Approaching-a-child-for-support-on-Gender-issues-1-scaled-e1719215832699-150x150.jpg\" class=\"attachment-thumbnail size-thumbnail wp-post-image\" alt=\"\" decoding=\"async\" loading=\"lazy\" style=\"max-width:100px;max-height:100px;\" \/><\/div><a class=\"wp-block-latest-posts__post-title\" href=\"https:\/\/www.gender101.eu\/how-to-approach-a-child-who-you-think-may-need-support-on-this-topic\/\">Obratiti se djetetu za podr\u0161ku u pitanjima spola<\/a><div class=\"wp-block-latest-posts__post-excerpt\">Neophodno je podr\u017eati rodni identitet i pona\u0161anje va\u0161eg djeteta \u010dak i ako su spolno razli\u010dita ili transrodna djeca.&nbsp; Roditelji im prihva\u0107anjem i pokazivanjem ljubavi i prihva\u0107anjem takvima kakvi jesu (bez obzira radi li se samo o fazi) mogu pomo\u0107i da se osje\u0107aju zadovoljnije, sretnije i spremnije za suo\u010davanje s okolinom koja mo\u017ee imati predrasude. Ako [&hellip;]<\/div><\/li>\n<li><div class=\"wp-block-latest-posts__featured-image alignleft\"><img width=\"150\" height=\"150\" src=\"https:\/\/www.gender101.eu\/wp-content\/uploads\/2024\/04\/9-How-do-I-handle-name-and-gender-changes-at-school-e1719215855437-150x150.jpg\" class=\"attachment-thumbnail size-thumbnail wp-post-image\" alt=\"\" decoding=\"async\" loading=\"lazy\" style=\"max-width:100px;max-height:100px;\" \/><\/div><a class=\"wp-block-latest-posts__post-title\" href=\"https:\/\/www.gender101.eu\/how-do-i-handle-name-and-gender-changes-at-school\/\">Kako da se nosim s promjenama imena i spola u \u0161koli<\/a><div class=\"wp-block-latest-posts__post-excerpt\">Kako bi se djeca nosila s promjenom spola u \u0161koli, va\u017eno je educirati i senzibilizirati u\u010ditelje i djecu kako bi prihvatili u\u010denike onakvima kakvi jesu, bez obzira na rodnu razli\u010ditost ili seksualnost. Tako\u0111er je va\u017eno unutar \u0161kole stvoriti atmosferu u kojoj djeca mogu otvoreno razmi\u0161ljati i razgovarati o seksualnosti i rodnom identitetu. Potrebno je pru\u017eiti [&hellip;]<\/div><\/li>\n<li><div class=\"wp-block-latest-posts__featured-image alignleft\"><img width=\"150\" height=\"150\" src=\"https:\/\/www.gender101.eu\/wp-content\/uploads\/2024\/04\/8-Is-it-a-phase-scaled-e1713961758917-150x150.jpg\" class=\"attachment-thumbnail size-thumbnail wp-post-image\" alt=\"\" decoding=\"async\" loading=\"lazy\" style=\"max-width:100px;max-height:100px;\" \/><\/div><a class=\"wp-block-latest-posts__post-title\" href=\"https:\/\/www.gender101.eu\/is-it-a-phase\/\">Je li to faza?<\/a><div class=\"wp-block-latest-posts__post-excerpt\">\u010cinjenica je da se o temi rodne razli\u010ditosti sve otvorenije govori posljednjih godina, a sigurno je da postoji i puno du\u017ee. Kod neke djece to je sigurno rodna orijentacija razli\u010dita od spola, dok je kod neke djece to ipak faza.&nbsp; Adolescencija nosi razvojne izazove tipi\u010dne i prirodne za proces odrastanja i tra\u017eenja vlastitog identiteta, pa [&hellip;]<\/div><\/li>\n<li><div class=\"wp-block-latest-posts__featured-image alignleft\"><img width=\"150\" height=\"150\" src=\"https:\/\/www.gender101.eu\/wp-content\/uploads\/2024\/04\/7-Handling-a-Co-Parent_s-Struggle-with-a-Gender-Diverse-Child-150x150.jpg\" class=\"attachment-thumbnail size-thumbnail wp-post-image\" alt=\"\" decoding=\"async\" loading=\"lazy\" style=\"max-width:100px;max-height:100px;\" \/><\/div><a class=\"wp-block-latest-posts__post-title\" href=\"https:\/\/www.gender101.eu\/co-parents-struggle\/\">Rje\u0161avanje borbe suroditelja s djetetom razli\u010ditog spola<\/a><div class=\"wp-block-latest-posts__post-excerpt\">Suo\u010davanje sa situacijom u kojoj se jedan roditelj bori da prihvati rodnu nekonformnost svog djeteta mo\u017ee biti slo\u017eeno i emocionalno nabijeno iskustvo. Evo nekoliko strategija koje vam mogu pomo\u0107i u prevladavanju ovih situacija: Otvorena i empati\u010dna komunikacija: Aktivno slu\u0161anje i vrednovanje: Stvorite siguran prostor za oba roditelja da izraze svoje brige, strahove i pitanja bez [&hellip;]<\/div><\/li>\n<li><div class=\"wp-block-latest-posts__featured-image alignleft\"><img width=\"150\" height=\"150\" src=\"https:\/\/www.gender101.eu\/wp-content\/uploads\/2024\/04\/6-How-can-you-support-this-exploration-150x150.jpg\" class=\"attachment-thumbnail size-thumbnail wp-post-image\" alt=\"\" decoding=\"async\" loading=\"lazy\" style=\"max-width:100px;max-height:100px;\" \/><\/div><a class=\"wp-block-latest-posts__post-title\" href=\"https:\/\/www.gender101.eu\/how-can-you-support-this-exploration\/\">Kako mo\u017eete podr\u017eati ovo istra\u017eivanje<\/a><div class=\"wp-block-latest-posts__post-excerpt\">Prigrlite znati\u017eelju: Zamislite sebe kao vrtlara, koji njeguje siguran prostor za cvjetanje znati\u017eelje va\u0161eg djeteta. Potaknite ih da postavljaju pitanja, istra\u017euju razli\u010dite interese i izra\u017eavaju se autenti\u010dno bez osu\u0111ivanja. Posadite sjeme razumijevanja: ba\u0161 kao \u0161to sun\u010deva svjetlost hrani cvijet, osigurajte resurse primjerene dobi poput knjiga, dokumentarnih filmova ili razgovora o rodnoj raznolikosti. To im poma\u017ee [&hellip;]<\/div><\/li>\n<li><div class=\"wp-block-latest-posts__featured-image alignleft\"><img width=\"150\" height=\"150\" src=\"https:\/\/www.gender101.eu\/wp-content\/uploads\/2024\/04\/5-Can-Children_s-Gender-Identity-Change-Over-Time-scaled-e1713961580969-150x150.jpg\" class=\"attachment-thumbnail size-thumbnail wp-post-image\" alt=\"\" decoding=\"async\" loading=\"lazy\" style=\"max-width:100px;max-height:100px;\" \/><\/div><a class=\"wp-block-latest-posts__post-title\" href=\"https:\/\/www.gender101.eu\/can-a-childs-gender-identity-change-over-time\/\">Mo\u017ee li se rodni identitet djeteta promijeniti tijekom vremena<\/a><div class=\"wp-block-latest-posts__post-excerpt\">Apsolutno, djetetovo razumijevanje svog rodnog identiteta mo\u017ee se razvijati s vremenom. To je zbog dinami\u010dke prirode samootkrivanja, na koju utje\u010de slo\u017eeno me\u0111udjelovanje \u010dimbenika, uklju\u010duju\u0107i: &#8211; Unutarnji psiholo\u0161ki procesi: Ovo obuhva\u0107a djetetov unutarnji osje\u0107aj sebe i kako se osje\u0107a u odnosu na spol. Ovaj unutarnji osje\u0107aj mo\u017ee, ali ne mora biti uskla\u0111en s njihovim spolom koji [&hellip;]<\/div><\/li>\n<li><div class=\"wp-block-latest-posts__featured-image alignleft\"><img width=\"150\" height=\"150\" src=\"https:\/\/www.gender101.eu\/wp-content\/uploads\/2024\/04\/4-When-Do-Children-Recognize-Their-Gender-Identity-scaled-e1713961526692-150x150.jpg\" class=\"attachment-thumbnail size-thumbnail wp-post-image\" alt=\"\" decoding=\"async\" loading=\"lazy\" style=\"max-width:100px;max-height:100px;\" \/><\/div><a class=\"wp-block-latest-posts__post-title\" href=\"https:\/\/www.gender101.eu\/at-what-point-does-a-child-recognise-their-gender-identity\/\">Kada djeca prepoznaju svoj rodni identitet<\/a><div class=\"wp-block-latest-posts__post-excerpt\">Prepoznavanje vlastitog rodnog identiteta vi\u0161estruk je i dinami\u010dan proces koji se odvija kroz razli\u010dite razvojne faze. Iako istra\u017eivanje sugerira da djeca ve\u0107 u dobi od 2 godine mogu po\u010deti izra\u017eavati preferencije i sklonosti povezane s odre\u0111enim spolom (Ameri\u010dka akademija pedijatara, 2019.), klju\u010dno je zapamtiti da je to samo po\u010detna iskra. Potpuna spoznaja djetetova rodnog identiteta [&hellip;]<\/div><\/li>\n<li><div class=\"wp-block-latest-posts__featured-image alignleft\"><img width=\"150\" height=\"150\" src=\"https:\/\/www.gender101.eu\/wp-content\/uploads\/2024\/04\/3-Difference-between-Gender-and-Sexual-Orientation-e1713961431335-150x150.png\" class=\"attachment-thumbnail size-thumbnail wp-post-image\" alt=\"\" decoding=\"async\" loading=\"lazy\" style=\"max-width:100px;max-height:100px;\" \/><\/div><a class=\"wp-block-latest-posts__post-title\" href=\"https:\/\/www.gender101.eu\/what-is-the-difference-between-gender-identity-and-sexual-orientation\/\">Razlika izme\u0111u spola i seksualne orijentacije<\/a><div class=\"wp-block-latest-posts__post-excerpt\">Rodni identitet i seksualna orijentacija razli\u010dite su karakteristike li\u010dnosti. Rodni identitet je osoban (kako sebe vidite), radi se o tome kako sebe definirate u odnosu na vlastiti spol. Dok je seksualna orijentacija interpersonalna (tko vas fizi\u010dki, emocionalno i\/ili romanti\u010dno privla\u010di). Tradicionalne dru\u0161tvene norme \u010desto diktiraju stroga pravila o tome kako se ljudi &#8220;trebaju&#8221; pona\u0161ati, obla\u010diti [&hellip;]<\/div><\/li>\n<li><div class=\"wp-block-latest-posts__featured-image alignleft\"><img width=\"150\" height=\"150\" src=\"https:\/\/www.gender101.eu\/wp-content\/uploads\/2024\/04\/2-Is-it-a-Trend-150x150.jpg\" class=\"attachment-thumbnail size-thumbnail wp-post-image\" alt=\"\" decoding=\"async\" loading=\"lazy\" style=\"max-width:100px;max-height:100px;\" \/><\/div><a class=\"wp-block-latest-posts__post-title\" href=\"https:\/\/www.gender101.eu\/is-it-a-trend\/\">Je li to trend?<\/a><div class=\"wp-block-latest-posts__post-excerpt\">Rodna raznolikost nije samo trend, nije hir, nije bolest, nije izopa\u010denost, a djeca nisu ugro\u017eena od strane transrodnih osoba. Djeca koja u\u010de o transrodnosti ne utje\u010du na njihov rodni identitet. Takvo znanje ne \u010dini da cisrodna djeca &#8220;postanu&#8221; transrodna, kao \u0161to ne bi u\u010denje o razli\u010ditim nacionalnostima promijenilo ne\u010diju etni\u010dku pripadnost. Posljednjih godina raste interes [&hellip;]<\/div><\/li>\n<li><div class=\"wp-block-latest-posts__featured-image alignleft\"><img width=\"150\" height=\"150\" src=\"https:\/\/www.gender101.eu\/wp-content\/uploads\/2024\/04\/1-What-is-Gender-Identity-1-150x150.jpg\" class=\"attachment-thumbnail size-thumbnail wp-post-image\" alt=\"\" decoding=\"async\" loading=\"lazy\" style=\"max-width:100px;max-height:100px;\" \/><\/div><a class=\"wp-block-latest-posts__post-title\" href=\"https:\/\/www.gender101.eu\/what-is-gender-identity\/\">\u0160to je rodni identitet?<\/a><div class=\"wp-block-latest-posts__post-excerpt\">Za mnoge rodno razli\u010dite ljude, koncept binarnog roda \u2013 potreba da se odlu\u010dite izraziti se kao mu\u0161karac ili \u017eena \u2013 ograni\u010dava. Neki ljudi bi radije imali slobodu mijenjanja spola iz jednog spola u drugi ili da uop\u0107e ne bi imali rodni identitet. Drugi samo \u017eele biti u mogu\u0107nosti otvoreno prkositi ili osporiti normaliziranije koncepte roda. [&hellip;]<\/div><\/li>\n<li><div class=\"wp-block-latest-posts__featured-image alignleft\"><img width=\"150\" height=\"150\" src=\"https:\/\/www.gender101.eu\/wp-content\/uploads\/2024\/04\/DT-cover-150x150.png\" class=\"attachment-thumbnail size-thumbnail wp-post-image\" alt=\"\" decoding=\"async\" loading=\"lazy\" style=\"max-width:100px;max-height:100px;\" \/><\/div><a class=\"wp-block-latest-posts__post-title\" href=\"https:\/\/www.gender101.eu\/the-gender-101-digital-tools\/\">GENDER 101 Digitalni alati<\/a><div class=\"wp-block-latest-posts__post-excerpt\">Digitalni alati revolucionarni su alati koji poma\u017eu obrazovnim okru\u017eenjima da razumiju i razumiju rodnu raznolikost i identitet. Ovi jedinstveni alati pru\u017eaju kriti\u010dne alate, uvide i taktike za pomo\u0107 u poticanju rasprava o rodnim pitanjima, izazivanju utvr\u0111enih konvencija i promicanju inkluzivnijeg pogleda na rodni identitet. <\/div><\/li>\n<li><div class=\"wp-block-latest-posts__featured-image alignleft\"><img width=\"150\" height=\"150\" src=\"https:\/\/www.gender101.eu\/wp-content\/uploads\/2024\/04\/What-about-us-Website-banner-1100x416-1-e1712054305188-150x150.png\" class=\"attachment-thumbnail size-thumbnail wp-post-image\" alt=\"\" decoding=\"async\" loading=\"lazy\" style=\"max-width:100px;max-height:100px;\" \/><\/div><a class=\"wp-block-latest-posts__post-title\" href=\"https:\/\/www.gender101.eu\/and-what-about-us\/\">A \u0161to je s nama?<\/a><div class=\"wp-block-latest-posts__post-excerpt\">Konferencija &#8220;A \u0161to je s nama? Roditelji i odgojitelji spolno razli\u010dite djece&#8221; ima za cilj produbiti razumijevanje rodne raznolikosti me\u0111u djecom<\/div><\/li>\n<li><div class=\"wp-block-latest-posts__featured-image alignleft\"><img width=\"150\" height=\"150\" src=\"https:\/\/www.gender101.eu\/wp-content\/uploads\/2024\/03\/SAVETHEDATE_all_cover-150x150.png\" class=\"attachment-thumbnail size-thumbnail wp-post-image\" alt=\"\" decoding=\"async\" loading=\"lazy\" style=\"max-width:100px;max-height:100px;\" \/><\/div><a class=\"wp-block-latest-posts__post-title\" href=\"https:\/\/www.gender101.eu\/events-in-malta-lithuania-poland-ireland-italy-and-croatia\/\">Doga\u0111aji na Malti, Litvi, Poljskoj, Irskoj, Italiji i Hrvatskoj<\/a><div class=\"wp-block-latest-posts__post-excerpt\">Projektni tim organizira doga\u0111anja u svim projektnim zemljama<\/div><\/li>\n<li><div class=\"wp-block-latest-posts__featured-image alignleft\"><img width=\"150\" height=\"150\" src=\"https:\/\/www.gender101.eu\/wp-content\/uploads\/2024\/03\/SAVETHEDATE_UNINA-150x150.png\" class=\"attachment-thumbnail size-thumbnail wp-post-image\" alt=\"\" decoding=\"async\" loading=\"lazy\" style=\"max-width:100px;max-height:100px;\" \/><\/div><a class=\"wp-block-latest-posts__post-title\" href=\"https:\/\/www.gender101.eu\/save-the-date-diversita-di-genere\/\">SAVE THE DATE: Diversit\u00e0 di genere?<\/a><div class=\"wp-block-latest-posts__post-excerpt\">Diversit\u00e0 di genere? (per formatori e genitori) &#8211;  19 aprile 2024, Napoli (Italia) &#8211; 17:00-19:00<\/div><\/li>\n<li><div class=\"wp-block-latest-posts__featured-image alignleft\"><img width=\"150\" height=\"150\" src=\"https:\/\/www.gender101.eu\/wp-content\/uploads\/2024\/03\/Guide-cover-150x150.png\" class=\"attachment-thumbnail size-thumbnail wp-post-image\" alt=\"\" decoding=\"async\" loading=\"lazy\" style=\"max-width:100px;max-height:100px;\" \/><\/div><a class=\"wp-block-latest-posts__post-title\" href=\"https:\/\/www.gender101.eu\/using-the-guide-for-trainers\/\">Kori\u0161tenje Vodi\u010da za trenere<\/a><div class=\"wp-block-latest-posts__post-excerpt\">&#8220;Vodi\u010d za trenere: Uvod u rodnu raznolikost&#8221; izvrstan je izvor za trenere koji se \u017eele u\u010dinkovito pozabaviti rodnim identitetom, izra\u017eavanjem i povezanim izazovima<\/div><\/li>\n<li><div class=\"wp-block-latest-posts__featured-image alignleft\"><img width=\"150\" height=\"150\" src=\"https:\/\/www.gender101.eu\/wp-content\/uploads\/2024\/03\/NL3-thumb-150x150.png\" class=\"attachment-thumbnail size-thumbnail wp-post-image\" alt=\"GENDER 1010 Newsletter 3\" decoding=\"async\" loading=\"lazy\" style=\"max-width:100px;max-height:100px;\" \/><\/div><a class=\"wp-block-latest-posts__post-title\" href=\"https:\/\/www.gender101.eu\/gender-101-newsletter-3-3-2024\/\">GENDER 101 newsletter 3, 3\/2024<\/a><div class=\"wp-block-latest-posts__post-excerpt\">Unutar ovog broja: GENDER 101 program za trenere; Povratne informacije o u\u010denju GENDER1 101 od trenera i roditelja; Online me\u0111usastanak i transnacionalni projektni sastanak u Irskoj; Kori\u0161tenje Vodi\u010da za trenere<\/div><\/li>\n<li><div class=\"wp-block-latest-posts__featured-image alignleft\"><img width=\"95\" height=\"147\" src=\"https:\/\/www.gender101.eu\/wp-content\/uploads\/2023\/01\/Ico_Results.png\" class=\"attachment-thumbnail size-thumbnail wp-post-image\" alt=\"\" decoding=\"async\" loading=\"lazy\" style=\"max-width:100px;max-height:100px;\" \/><\/div><a class=\"wp-block-latest-posts__post-title\" href=\"https:\/\/www.gender101.eu\/online-interim-meeting-and-transnational-project-meeting-in-ireland\/\">Online me\u0111usastanak  i transnacionalni projektni sastanak u Irskoj<\/a><div class=\"wp-block-latest-posts__post-excerpt\">Projektni partneri blisko sura\u0111uju na provedbi projekta, sastaju se online i osobno, kako bi podijelili pravovremeni napredak sljede\u0107ih koraka GENDER 101<\/div><\/li>\n<li><div class=\"wp-block-latest-posts__featured-image alignleft\"><img width=\"150\" height=\"150\" src=\"https:\/\/www.gender101.eu\/wp-content\/uploads\/2024\/09\/eventi-8-150x150.jpg\" class=\"attachment-thumbnail size-thumbnail wp-post-image\" alt=\"\" decoding=\"async\" loading=\"lazy\" style=\"max-width:100px;max-height:100px;\" \/><\/div><a class=\"wp-block-latest-posts__post-title\" href=\"https:\/\/www.gender101.eu\/gender-101-learning-for-parents-in-all-project-countries\/\">GENDER 101 learning for parents in all project countries<\/a><div class=\"wp-block-latest-posts__post-excerpt\">The Master classes have taken place during summer 2023 with parents in the six partner countries. Whilst some partners have encountered difficulties in recruiting parents to attend, once the sessions were held parents felt comfortable and safe and realized they were attending a session in an open environment where they could learn, talk and ask. [&hellip;]<\/div><\/li>\n<li><div class=\"wp-block-latest-posts__featured-image alignleft\"><img width=\"150\" height=\"150\" src=\"https:\/\/www.gender101.eu\/wp-content\/uploads\/2023\/11\/trainers-educators-150x150.png\" class=\"attachment-thumbnail size-thumbnail wp-post-image\" alt=\"\" decoding=\"async\" loading=\"lazy\" style=\"max-width:100px;max-height:100px;\" \/><\/div><a class=\"wp-block-latest-posts__post-title\" href=\"https:\/\/www.gender101.eu\/feedback-on-the-gender1-101-learning-from-trainers-and-parents\/\">Povratne informacije o u\u010denju GENDER 101 od trenera i roditelja<\/a><div class=\"wp-block-latest-posts__post-excerpt\">Razli\u010dite aktivnosti provedene s 18 trenera i 360 roditelja u zemljama projekta dale su projektnom timu priliku prikupiti sveobuhvatne povratne informacije o obuci projekta<\/div><\/li>\n<li><div class=\"wp-block-latest-posts__featured-image alignleft\"><img width=\"100\" height=\"53\" src=\"https:\/\/www.gender101.eu\/wp-content\/uploads\/2023\/07\/TRAINING-IN-GENDER-DIVERSITY-1.png\" class=\"attachment-thumbnail size-thumbnail wp-post-image\" alt=\"\" decoding=\"async\" loading=\"lazy\" style=\"max-width:100px;max-height:100px;\" \/><\/div><a class=\"wp-block-latest-posts__post-title\" href=\"https:\/\/www.gender101.eu\/training-in-gender-diversity\/\">Obuka o rodnoj raznolikosti<\/a><div class=\"wp-block-latest-posts__post-excerpt\">Me\u0111u rezultatima projekta Gender 101 je stvaranje prostora za obuku o rodnoj raznolikosti<\/div><\/li>\n<li><div class=\"wp-block-latest-posts__featured-image alignleft\"><img width=\"150\" height=\"150\" src=\"https:\/\/www.gender101.eu\/wp-content\/uploads\/2023\/06\/NL2-thumb-2-150x150.png\" class=\"attachment-thumbnail size-thumbnail wp-post-image\" alt=\"\" decoding=\"async\" loading=\"lazy\" style=\"max-width:100px;max-height:100px;\" \/><\/div><a class=\"wp-block-latest-posts__post-title\" href=\"https:\/\/www.gender101.eu\/gender-101-newsletter-2-7-2023\/\">Newsletter izdanje 2, 7\/2023<\/a><div class=\"wp-block-latest-posts__post-excerpt\">Unutar ovog izdanja: Rije\u010di za rod; Transnacionalni projektni sastanak u Poljskoj; Program u\u010denja GENDER 101 za trenere i roditelje; GENDER 101 obu\u010dava trenere u zemljama projekta; GENDER 101 Vodi\u010d za trenere\r\n<\/div><\/li>\n<li><div class=\"wp-block-latest-posts__featured-image alignleft\"><img width=\"150\" height=\"150\" src=\"https:\/\/www.gender101.eu\/wp-content\/uploads\/2023\/07\/Programme-150x150.jpg\" class=\"attachment-thumbnail size-thumbnail wp-post-image\" alt=\"\" decoding=\"async\" loading=\"lazy\" style=\"max-width:100px;max-height:100px;\" \/><\/div><a class=\"wp-block-latest-posts__post-title\" href=\"https:\/\/www.gender101.eu\/the-gender-101-learning-programme-for-trainers-and-parents\/\">Program u\u010denja GENDER 101 za trenere i roditelje<\/a><div class=\"wp-block-latest-posts__post-excerpt\">Tim GENDER 101 uveo je odre\u0111ene aktivnosti kako bi utvrdio \u0161to ljudi doista trebaju znati<\/div><\/li>\n<li><div class=\"wp-block-latest-posts__featured-image alignleft\"><img width=\"150\" height=\"150\" src=\"https:\/\/www.gender101.eu\/wp-content\/uploads\/2023\/06\/family-4787015-150x150.jpg\" class=\"attachment-thumbnail size-thumbnail wp-post-image\" alt=\"\" decoding=\"async\" loading=\"lazy\" style=\"max-width:100px;max-height:100px;\" \/><\/div><a class=\"wp-block-latest-posts__post-title\" href=\"https:\/\/www.gender101.eu\/gender-101-guide-for-trainers\/\">GENDER 101 Vodi\u010d za trenere<\/a><div class=\"wp-block-latest-posts__post-excerpt\">Vodi\u010d GENDER 101 za trenere sastoji se od popratnih materijala koje je izradio projektni tim<\/div><\/li>\n<li><div class=\"wp-block-latest-posts__featured-image alignleft\"><img width=\"150\" height=\"150\" src=\"https:\/\/www.gender101.eu\/wp-content\/uploads\/2023\/06\/ice-cream-1866469_1280-150x150.jpg\" class=\"attachment-thumbnail size-thumbnail wp-post-image\" alt=\"\" decoding=\"async\" loading=\"lazy\" style=\"max-width:100px;max-height:100px;\" \/><\/div><a class=\"wp-block-latest-posts__post-title\" href=\"https:\/\/www.gender101.eu\/gender-101-train-the-trainers-in-the-project-countries\/\">GENDER 101 obu\u010dava trenere u zemljama projekta<\/a><div class=\"wp-block-latest-posts__post-excerpt\">GENDER 101 organiziraju Masterclassove u svim zemljama projek<\/div><\/li>\n<li><div class=\"wp-block-latest-posts__featured-image alignleft\"><img width=\"95\" height=\"147\" src=\"https:\/\/www.gender101.eu\/wp-content\/uploads\/2023\/01\/Ico_Results.png\" class=\"attachment-thumbnail size-thumbnail wp-post-image\" alt=\"\" decoding=\"async\" loading=\"lazy\" style=\"max-width:100px;max-height:100px;\" \/><\/div><a class=\"wp-block-latest-posts__post-title\" href=\"https:\/\/www.gender101.eu\/transnational-project-meeting-in-poland\/\">Transnacionalni projektni sastanak u Poljskoj<\/a><div class=\"wp-block-latest-posts__post-excerpt\">Projektni tim sastao se 23. i 24. svibnja 2023. u \u0141\u00f3d\u017au (Poljska)<\/div><\/li>\n<li><div class=\"wp-block-latest-posts__featured-image alignleft\"><img width=\"150\" height=\"150\" src=\"https:\/\/www.gender101.eu\/wp-content\/uploads\/2023\/04\/NL1-thumb-1-150x150.png\" class=\"attachment-thumbnail size-thumbnail wp-post-image\" alt=\"\" decoding=\"async\" loading=\"lazy\" style=\"max-width:100px;max-height:100px;\" \/><\/div><a class=\"wp-block-latest-posts__post-title\" href=\"https:\/\/www.gender101.eu\/gender-101-newsletter-1-2-2023\/\">NEWSLETTER IZDANJE 1, 2\/2023<\/a><div class=\"wp-block-latest-posts__post-excerpt\">U ovom izdanju: Rod?; Rod i jezik; Fokus grupe s edukatorima i roditeljima u zemljama projekta; Projekt GENDER 101; Misija projekta GENDER 101; GENDER 101 brendiranje; GENDER 101 Po\u010detni sastanak u Litvi<\/div><\/li>\n<li><div class=\"wp-block-latest-posts__featured-image alignleft\"><img width=\"150\" height=\"150\" src=\"https:\/\/www.gender101.eu\/wp-content\/uploads\/2023\/04\/2-150x150.jpeg\" class=\"attachment-thumbnail size-thumbnail wp-post-image\" alt=\"\" decoding=\"async\" loading=\"lazy\" style=\"max-width:100px;max-height:100px;\" \/><\/div><a class=\"wp-block-latest-posts__post-title\" href=\"https:\/\/www.gender101.eu\/the-words-for-gender\/\">Rije\u010di za rod<\/a><div class=\"wp-block-latest-posts__post-excerpt\">Tijekom aktivnosti provedenih na Malti, u Litvi, Poljskoj, Irskoj, Italiji i Hrvatskoj, projekt GENDER 101 identificirao je klju\u010dne rije\u010di koje opisuju rod i prepreke rodnoj inkluzivnosti<\/div><\/li>\n<li><div class=\"wp-block-latest-posts__featured-image alignleft\"><img width=\"150\" height=\"150\" src=\"https:\/\/www.gender101.eu\/wp-content\/uploads\/2023\/04\/FG-LT-1-150x150.jpg\" class=\"attachment-thumbnail size-thumbnail wp-post-image\" alt=\"\" decoding=\"async\" loading=\"lazy\" style=\"max-width:100px;max-height:100px;\" \/><\/div><a class=\"wp-block-latest-posts__post-title\" href=\"https:\/\/www.gender101.eu\/focus-groups-with-educators-and-parents-in-the-project-countries\/\">Fokus grupa s edukatorima i roditeljima u projektnim zemljama<\/a><div class=\"wp-block-latest-posts__post-excerpt\">Projektni tim ispitao je edukatore i roditelje na Malti, u Litvi, Poljskoj, Irskoj, Italiji i Hrvatskoj o njihovim stajali\u0161tima na teme roda i prepreka rodnoj inkluzivnosti<\/div><\/li>\n<li><div class=\"wp-block-latest-posts__featured-image alignleft\"><img width=\"150\" height=\"150\" src=\"https:\/\/www.gender101.eu\/wp-content\/uploads\/2023\/04\/home-5574909-scaled-e1681665338759-150x150.jpg\" class=\"attachment-thumbnail size-thumbnail wp-post-image\" alt=\"\" decoding=\"async\" loading=\"lazy\" style=\"max-width:100px;max-height:100px;\" \/><\/div><a class=\"wp-block-latest-posts__post-title\" href=\"https:\/\/www.gender101.eu\/gender-and-language\/\">Rod i jezik<\/a><div class=\"wp-block-latest-posts__post-excerpt\">Rod i jezik me\u0111usobno su povezani jer jezik mo\u017ee odra\u017eavati i oja\u010dati dru\u0161tvene rodne norme i o\u010dekivanja<\/div><\/li>\n<li><div class=\"wp-block-latest-posts__featured-image alignleft\"><img width=\"144\" height=\"93\" src=\"https:\/\/www.gender101.eu\/wp-content\/uploads\/2023\/04\/Ico_Partners.png\" class=\"attachment-thumbnail size-thumbnail wp-post-image\" alt=\"\" decoding=\"async\" loading=\"lazy\" style=\"max-width:100px;max-height:100px;\" \/><\/div><a class=\"wp-block-latest-posts__post-title\" href=\"https:\/\/www.gender101.eu\/gendered-language-in-malta\/\">Rodno neutalni jezik na Malti<\/a><div class=\"wp-block-latest-posts__post-excerpt\">Na Malti su nedavno ulo\u017eeni napori kako bi sepromicao rodno inkluzivni jezik i to je jo\u0161 uvijek u tijeku <\/div><\/li>\n<li><div class=\"wp-block-latest-posts__featured-image alignleft\"><img width=\"144\" height=\"93\" src=\"https:\/\/www.gender101.eu\/wp-content\/uploads\/2023\/04\/Ico_Partners.png\" class=\"attachment-thumbnail size-thumbnail wp-post-image\" alt=\"\" decoding=\"async\" loading=\"lazy\" style=\"max-width:100px;max-height:100px;\" \/><\/div><a class=\"wp-block-latest-posts__post-title\" href=\"https:\/\/www.gender101.eu\/gendered-language-in-croatia\/\">Rodno neutralni jezik u Hrvatskoj<\/a><div class=\"wp-block-latest-posts__post-excerpt\">U Hrvatskoj ne postoje posebni standardi ili vodi\u010d kako koristiti rodno neutralni jezik<\/div><\/li>\n<li><div class=\"wp-block-latest-posts__featured-image alignleft\"><img width=\"144\" height=\"93\" src=\"https:\/\/www.gender101.eu\/wp-content\/uploads\/2023\/04\/Ico_Partners.png\" class=\"attachment-thumbnail size-thumbnail wp-post-image\" alt=\"\" decoding=\"async\" loading=\"lazy\" style=\"max-width:100px;max-height:100px;\" \/><\/div><a class=\"wp-block-latest-posts__post-title\" href=\"https:\/\/www.gender101.eu\/gendered-language-in-ireland\/\">Rodno neutralni jezik u Irskoj<\/a><div class=\"wp-block-latest-posts__post-excerpt\">Kori\u0161tenje rodno neutralnog jezika u irskom mo\u017ee biti sporno pitanje, osobito u pogledu uklju\u010divanja nebinarnih i rodno neuskla\u0111enih pojedinaca<\/div><\/li>\n<li><div class=\"wp-block-latest-posts__featured-image alignleft\"><img width=\"144\" height=\"93\" src=\"https:\/\/www.gender101.eu\/wp-content\/uploads\/2023\/04\/Ico_Partners.png\" class=\"attachment-thumbnail size-thumbnail wp-post-image\" alt=\"\" decoding=\"async\" loading=\"lazy\" style=\"max-width:100px;max-height:100px;\" \/><\/div><a class=\"wp-block-latest-posts__post-title\" href=\"https:\/\/www.gender101.eu\/gendered-language-in-poland\/\">Rodno neutralni jezik u Poljskoj<\/a><div class=\"wp-block-latest-posts__post-excerpt\">Poljski jezik op\u0107enito je binarni, s imenicama s vlastitim rodom i glagolima koji rod imaju integriran u svojim oblicima<\/div><\/li>\n<li><div class=\"wp-block-latest-posts__featured-image alignleft\"><img width=\"144\" height=\"93\" src=\"https:\/\/www.gender101.eu\/wp-content\/uploads\/2023\/04\/Ico_Partners.png\" class=\"attachment-thumbnail size-thumbnail wp-post-image\" alt=\"\" decoding=\"async\" loading=\"lazy\" style=\"max-width:100px;max-height:100px;\" \/><\/div><a class=\"wp-block-latest-posts__post-title\" href=\"https:\/\/www.gender101.eu\/gendered-language-in-lithuania\/\">Rodno neutralni jezik na Litvi<\/a><div class=\"wp-block-latest-posts__post-excerpt\">Rodni identitet jo\u0161 uvijek nije zakonski priznat u Litvi. Stoga Litva nema zasebne rije\u010di za razli\u010dite aspekte roda<\/div><\/li>\n<li><div class=\"wp-block-latest-posts__featured-image alignleft\"><img width=\"144\" height=\"93\" src=\"https:\/\/www.gender101.eu\/wp-content\/uploads\/2023\/04\/Ico_Partners.png\" class=\"attachment-thumbnail size-thumbnail wp-post-image\" alt=\"\" decoding=\"async\" loading=\"lazy\" style=\"max-width:100px;max-height:100px;\" \/><\/div><a class=\"wp-block-latest-posts__post-title\" href=\"https:\/\/www.gender101.eu\/gendered-language-in-italy\/\">Rodno neutralni jezik u Italiji<\/a><div class=\"wp-block-latest-posts__post-excerpt\">U talijanskom jeziku u tijeku je istra\u017eivanje prikladnih izraza za predstavljanje ljudi koji se ne prepoznaju u rodnoj binarnosti, u svrhu promicanja jezika koji \u0107e vi\u0161e po\u0161tovati razli\u010ditost i uklju\u010divati sve spolove<\/div><\/li>\n<li><div class=\"wp-block-latest-posts__featured-image alignleft\"><img width=\"150\" height=\"150\" src=\"https:\/\/www.gender101.eu\/wp-content\/uploads\/2023\/06\/mom-and-daughter-3923086-scaled-e1687686920707-150x150.jpg\" class=\"attachment-thumbnail size-thumbnail wp-post-image\" alt=\"\" decoding=\"async\" loading=\"lazy\" style=\"max-width:100px;max-height:100px;\" \/><\/div><a class=\"wp-block-latest-posts__post-title\" href=\"https:\/\/www.gender101.eu\/gender\/\">Rod?<\/a><div class=\"wp-block-latest-posts__post-excerpt\">&#8220;Rod se odnosi na karakteristike \u017eena, mu\u0161karaca, djevoj\u010dica i dje\u010daka koje su dru\u0161tveno konstruirane.&#8221; Svjetska zdravstvena organizacija, 2023.<\/div><\/li>\n<li><div class=\"wp-block-latest-posts__featured-image alignleft\"><img width=\"95\" height=\"147\" src=\"https:\/\/www.gender101.eu\/wp-content\/uploads\/2023\/04\/Ico_Results-1.png\" class=\"attachment-thumbnail size-thumbnail wp-post-image\" alt=\"\" decoding=\"async\" loading=\"lazy\" style=\"max-width:100px;max-height:100px;\" \/><\/div><a class=\"wp-block-latest-posts__post-title\" href=\"https:\/\/www.gender101.eu\/the-project-team-met-in-lituania\/\">GENDER 101 sastanak projektnog tima u Litvi<\/a><div class=\"wp-block-latest-posts__post-excerpt\">24. i 25. sije\u010dnja 2023. godine, GENDER 101 projektni tim sastao se u\u017eivo u gradu \u0160iauliai (Litva)<\/div><\/li>\n<li><div class=\"wp-block-latest-posts__featured-image alignleft\"><img width=\"150\" height=\"150\" src=\"https:\/\/www.gender101.eu\/wp-content\/uploads\/2023\/01\/VI-150x150.png\" class=\"attachment-thumbnail size-thumbnail wp-post-image\" alt=\"\" decoding=\"async\" loading=\"lazy\" style=\"max-width:100px;max-height:100px;\" \/><\/div><a class=\"wp-block-latest-posts__post-title\" href=\"https:\/\/www.gender101.eu\/gender-101-branding\/\">GENDER 101 brendiranje<\/a><div class=\"wp-block-latest-posts__post-excerpt\">Projekt GENDER 101 osmislio je strategiju brendiranja, temeljenu na logotipu i vizualnom identitetu<\/div><\/li>\n<li><div class=\"wp-block-latest-posts__featured-image alignleft\"><img width=\"95\" height=\"147\" src=\"https:\/\/www.gender101.eu\/wp-content\/uploads\/2023\/04\/Ico_Results-1.png\" class=\"attachment-thumbnail size-thumbnail wp-post-image\" alt=\"\" decoding=\"async\" loading=\"lazy\" style=\"max-width:100px;max-height:100px;\" \/><\/div><a class=\"wp-block-latest-posts__post-title\" href=\"https:\/\/www.gender101.eu\/first-steps-of-the-project\/\">Prvi koraci projekta<\/a><div class=\"wp-block-latest-posts__post-excerpt\">Online po\u010detni sastanak partnera na projektu kako bi se pokrenule aktivnosti projekta GENDER 101<\/div><\/li>\n<\/ul>","protected":false},"excerpt":{"rendered":"<p>Kona\u010dni rezultati projekta GENDER 101Projekt Gender 101 omogu\u0107io je partnerima u \u0161est razli\u010ditih europskih zemalja da stvore kanal za raspravu s edukatorima i roditeljima na temu rodne raznolikosti Povratne informacije stru\u010dnjaka iz svih projektnih zemalja o u\u010denju GENDER 101Sadr\u017eaj svih Intelektualnih rezultata pregledali su stru\u010dnjaci u odgovaraju\u0107im zemljama partnerima, uklju\u010duju\u0107i sadr\u017eaj digitalnog alata. Me\u0111u povratnim [&hellip;]<\/p>\n","protected":false},"author":3,"featured_media":0,"parent":0,"menu_order":0,"comment_status":"closed","ping_status":"closed","template":"","meta":{"pgc_sgb_lightbox_settings":""},"_links":{"self":[{"href":"https:\/\/www.gender101.eu\/wp-json\/wp\/v2\/pages\/420"}],"collection":[{"href":"https:\/\/www.gender101.eu\/wp-json\/wp\/v2\/pages"}],"about":[{"href":"https:\/\/www.gender101.eu\/wp-json\/wp\/v2\/types\/page"}],"author":[{"embeddable":true,"href":"https:\/\/www.gender101.eu\/wp-json\/wp\/v2\/users\/3"}],"replies":[{"embeddable":true,"href":"https:\/\/www.gender101.eu\/wp-json\/wp\/v2\/comments?post=420"}],"version-history":[{"count":4,"href":"https:\/\/www.gender101.eu\/wp-json\/wp\/v2\/pages\/420\/revisions"}],"predecessor-version":[{"id":1010,"href":"https:\/\/www.gender101.eu\/wp-json\/wp\/v2\/pages\/420\/revisions\/1010"}],"wp:attachment":[{"href":"https:\/\/www.gender101.eu\/wp-json\/wp\/v2\/media?parent=420"}],"curies":[{"name":"wp","href":"https:\/\/api.w.org\/{rel}","templated":true}]}}